{"id":5199,"date":"2019-12-10T16:48:33","date_gmt":"2019-12-10T15:48:33","guid":{"rendered":"https:\/\/www.pierre-amadieu.com\/our-wines\/red-wines\/"},"modified":"2019-12-18T16:30:41","modified_gmt":"2019-12-18T15:30:41","slug":"red-wines-from-gigondas-chateauneuf-vacqueyras","status":"publish","type":"page","link":"https:\/\/www.pierre-amadieu.com\/en\/our-wines-from-gigondas-and-the-rhone-valley\/red-wines-from-gigondas-chateauneuf-vacqueyras\/","title":{"rendered":"Red wines"},"content":{"rendered":"\t\t<div data-elementor-type=\"wp-post\" data-elementor-id=\"5199\" class=\"elementor elementor-5199 elementor-1455\" data-elementor-post-type=\"page\">\n\t\t\t\t\t\t<section class=\"elementor-section elementor-top-section elementor-element elementor-element-d108da1 elementor-section-boxed elementor-section-height-default elementor-section-height-default\" data-id=\"d108da1\" data-element_type=\"section\" data-e-type=\"section\">\n\t\t\t\t\t\t<div class=\"elementor-container elementor-column-gap-default\">\n\t\t\t\t\t<div class=\"elementor-column elementor-col-100 elementor-top-column elementor-element elementor-element-e68a2ac\" data-id=\"e68a2ac\" data-element_type=\"column\" data-e-type=\"column\">\n\t\t\t<div class=\"elementor-widget-wrap elementor-element-populated\">\n\t\t\t\t\t\t<div class=\"elementor-element elementor-element-0814b4a elementor-widget elementor-widget-heading\" data-id=\"0814b4a\" data-element_type=\"widget\" data-e-type=\"widget\" data-widget_type=\"heading.default\">\n\t\t\t\t<div class=\"elementor-widget-container\">\n\t\t\t\t\t<h1 class=\"elementor-heading-title elementor-size-default\">Our red wines<\/h1>\t\t\t\t<\/div>\n\t\t\t\t<\/div>\n\t\t\t\t<div class=\"elementor-element elementor-element-ce4c096 elementor-widget-divider--view-line elementor-widget elementor-widget-divider\" data-id=\"ce4c096\" data-element_type=\"widget\" data-e-type=\"widget\" data-widget_type=\"divider.default\">\n\t\t\t\t<div class=\"elementor-widget-container\">\n\t\t\t\t\t\t\t<div class=\"elementor-divider\">\n\t\t\t<span class=\"elementor-divider-separator\">\n\t\t\t\t\t\t<\/span>\n\t\t<\/div>\n\t\t\t\t\t\t<\/div>\n\t\t\t\t<\/div>\n\t\t\t\t\t<\/div>\n\t\t<\/div>\n\t\t\t\t\t<\/div>\n\t\t<\/section>\n\t\t\t\t<section class=\"elementor-section elementor-top-section elementor-element elementor-element-60a061d elementor-section-boxed elementor-section-height-default elementor-section-height-default\" data-id=\"60a061d\" data-element_type=\"section\" data-e-type=\"section\">\n\t\t\t\t\t\t<div class=\"elementor-container elementor-column-gap-default\">\n\t\t\t\t\t<div class=\"elementor-column elementor-col-100 elementor-top-column elementor-element elementor-element-8c84e53\" data-id=\"8c84e53\" data-element_type=\"column\" data-e-type=\"column\">\n\t\t\t<div class=\"elementor-widget-wrap elementor-element-populated\">\n\t\t\t\t\t\t<div class=\"elementor-element elementor-element-1cb332b elementor-widget elementor-widget-heading\" data-id=\"1cb332b\" data-element_type=\"widget\" data-e-type=\"widget\" data-widget_type=\"heading.default\">\n\t\t\t\t<div class=\"elementor-widget-container\">\n\t\t\t\t\t<h2 class=\"elementor-heading-title elementor-size-default\">From Ch\u00e2teauneuf-du-Pape to Gigondas, via Vacqueyras, discover our red wines, typical of the southern Rh\u00f4ne!<\/h2>\t\t\t\t<\/div>\n\t\t\t\t<\/div>\n\t\t\t\t\t<\/div>\n\t\t<\/div>\n\t\t\t\t\t<\/div>\n\t\t<\/section>\n\t\t\t\t<section class=\"elementor-section elementor-top-section elementor-element elementor-element-3e549113 elementor-section-boxed elementor-section-height-default elementor-section-height-default\" data-id=\"3e549113\" data-element_type=\"section\" data-e-type=\"section\">\n\t\t\t\t\t\t<div class=\"elementor-container elementor-column-gap-default\">\n\t\t\t\t\t<div class=\"elementor-column elementor-col-100 elementor-top-column elementor-element elementor-element-155c3a0c\" data-id=\"155c3a0c\" data-element_type=\"column\" data-e-type=\"column\">\n\t\t\t<div class=\"elementor-widget-wrap elementor-element-populated\">\n\t\t\t\t\t\t<div class=\"elementor-element elementor-element-444b2323 elementor-widget elementor-widget-shortcode\" data-id=\"444b2323\" data-element_type=\"widget\" data-e-type=\"widget\" data-widget_type=\"shortcode.default\">\n\t\t\t\t<div class=\"elementor-widget-container\">\n\t\t\t\t\t\t\t<div class=\"elementor-shortcode\">\n\t\t<div class=\"listingVins\">\n\t\t\t<a href=\"https:\/\/www.pierre-amadieu.com\/en\/produit\/gigondas-le-pas-de-laigle\/\" class=\"blocVin\">\n\t\t\t\t<img decoding=\"async\" class=\"img-responsive\" alt=\"Le Pas de l&#8217;Aigle red\" src=\"https:\/\/www.pierre-amadieu.com\/wp-content\/uploads\/2018\/10\/Pas-de-laigle-detoure.png\" \/>\n\t\t\t\t<h3>Gigondas\n\t\t\t\t<div class=\"couleurVin\">\n\t\t\t\t\tRed\n\t\t\t\t<\/div>\n\t\t\t\t<div class=\"appellation\">\n\t\t\t\t\tLe Pas de l'Aigle\n\t\t\t\t<\/div><\/h3>\n\t\t\t<\/a>\n\t\t\n\t\t\t<a href=\"https:\/\/www.pierre-amadieu.com\/en\/produit\/gigondas-domaine-grand-romane-red\/\" class=\"blocVin\">\n\t\t\t\t<img decoding=\"async\" class=\"img-responsive\" alt=\"Domaine Grand Romane red\" src=\"https:\/\/www.pierre-amadieu.com\/wp-content\/uploads\/2018\/12\/Grand-Romane-detoure.png\" \/>\n\t\t\t\t<h3>Gigondas\n\t\t\t\t<div class=\"couleurVin\">\n\t\t\t\t\tRed\n\t\t\t\t<\/div>\n\t\t\t\t<div class=\"appellation\">\n\t\t\t\t\tDomaine Grand Romane\n\t\t\t\t<\/div><\/h3>\n\t\t\t<\/a>\n\t\t\n\t\t\t<a href=\"https:\/\/www.pierre-amadieu.com\/en\/produit\/gigondas-romane-machotte-red\/\" class=\"blocVin\">\n\t\t\t\t<img decoding=\"async\" class=\"img-responsive\" alt=\"Romane Machotte red\" src=\"https:\/\/www.pierre-amadieu.com\/wp-content\/uploads\/2020\/12\/Romane-Machotte-detouree.png\" \/>\n\t\t\t\t<h3>Gigondas\n\t\t\t\t<div class=\"couleurVin\">\n\t\t\t\t\tRed\n\t\t\t\t<\/div>\n\t\t\t\t<div class=\"appellation\">\n\t\t\t\t\tRomane Machotte\n\t\t\t\t<\/div><\/h3>\n\t\t\t<\/a>\n\t\t\n\t\t\t<a href=\"https:\/\/www.pierre-amadieu.com\/en\/produit\/chateauneuf-du-pape-la-paillousse-red\/\" class=\"blocVin\">\n\t\t\t\t<img decoding=\"async\" class=\"img-responsive\" alt=\"La Paillousse red\" src=\"https:\/\/www.pierre-amadieu.com\/wp-content\/uploads\/2018\/12\/Chateauneuf-rouge-detoure.png\" \/>\n\t\t\t\t<h3>Ch\u00e2teauneuf-du-Pape\n\t\t\t\t<div class=\"couleurVin\">\n\t\t\t\t\tRed\n\t\t\t\t<\/div>\n\t\t\t\t<div class=\"appellation\">\n\t\t\t\t\tLa Paillousse\n\t\t\t\t<\/div><\/h3>\n\t\t\t<\/a>\n\t\t\n\t\t\t<a href=\"https:\/\/www.pierre-amadieu.com\/en\/produit\/les-capelets-saint-joseph\/\" class=\"blocVin\">\n\t\t\t\t<img decoding=\"async\" class=\"img-responsive\" alt=\"Les Capelets red\" src=\"https:\/\/www.pierre-amadieu.com\/wp-content\/uploads\/2018\/12\/Saint-Joseph-detoure.png\" \/>\n\t\t\t\t<h3>Saint-Joseph\n\t\t\t\t<div class=\"couleurVin\">\n\t\t\t\t\tRed\n\t\t\t\t<\/div>\n\t\t\t\t<div class=\"appellation\">\n\t\t\t\t\tLes Capelets\n\t\t\t\t<\/div><\/h3>\n\t\t\t<\/a>\n\t\t\n\t\t\t<a href=\"https:\/\/www.pierre-amadieu.com\/en\/produit\/vacqueyras-la-grangeliere-red\/\" class=\"blocVin\">\n\t\t\t\t<img decoding=\"async\" class=\"img-responsive\" alt=\"La Grangeli\u00c3\u00a8re red\" src=\"https:\/\/www.pierre-amadieu.com\/wp-content\/uploads\/2018\/12\/Vacqueyras-rouge-detoure.png\" \/>\n\t\t\t\t<h3>Vacqueyras\n\t\t\t\t<div class=\"couleurVin\">\n\t\t\t\t\tRed\n\t\t\t\t<\/div>\n\t\t\t\t<div class=\"appellation\">\n\t\t\t\t\tLa Grangeli\u00e8re\n\t\t\t\t<\/div><\/h3>\n\t\t\t<\/a>\n\t\t\n\t\t\t<a href=\"https:\/\/www.pierre-amadieu.com\/en\/produit\/vinsobres-red-rhone-wine\/\" class=\"blocVin\">\n\t\t\t\t<img decoding=\"async\" class=\"img-responsive\" alt=\"Les Piallats red\" src=\"https:\/\/www.pierre-amadieu.com\/wp-content\/uploads\/2018\/12\/vinsobres-detoure.png\" \/>\n\t\t\t\t<h3>Vinsobres\n\t\t\t\t<div class=\"couleurVin\">\n\t\t\t\t\tRed\n\t\t\t\t<\/div>\n\t\t\t\t<div class=\"appellation\">\n\t\t\t\t\tLes Piallats\n\t\t\t\t<\/div><\/h3>\n\t\t\t<\/a>\n\t\t\n\t\t\t<a href=\"https:\/\/www.pierre-amadieu.com\/en\/produit\/cairanne-les-hautes-rives-red\/\" class=\"blocVin\">\n\t\t\t\t<img decoding=\"async\" class=\"img-responsive\" alt=\"Les Hautes Rives red\" src=\"https:\/\/www.pierre-amadieu.com\/wp-content\/uploads\/2018\/12\/Cairanne-rouge-detoure.png\" \/>\n\t\t\t\t<h3>Cairanne\n\t\t\t\t<div class=\"couleurVin\">\n\t\t\t\t\tRed\n\t\t\t\t<\/div>\n\t\t\t\t<div class=\"appellation\">\n\t\t\t\t\tLes Hautes Rives\n\t\t\t\t<\/div><\/h3>\n\t\t\t<\/a>\n\t\t\n\t\t\t<a href=\"https:\/\/www.pierre-amadieu.com\/en\/produit\/cotes-du-rhone-grande-reserve-red\/\" class=\"blocVin\">\n\t\t\t\t<img decoding=\"async\" class=\"img-responsive\" alt=\"Grande R\u00c3\u00a9serve Red\" src=\"https:\/\/www.pierre-amadieu.com\/wp-content\/uploads\/2018\/12\/CDR-Grande-Reserve-detoure.png\" \/>\n\t\t\t\t<h3>C\u00f4tes du Rh\u00f4ne\n\t\t\t\t<div class=\"couleurVin\">\n\t\t\t\t\tRed\n\t\t\t\t<\/div>\n\t\t\t\t<div class=\"appellation\">\n\t\t\t\t\tGrande R\u00e9serve\n\t\t\t\t<\/div><\/h3>\n\t\t\t<\/a>\n\t\t\n\t\t\t<a href=\"https:\/\/www.pierre-amadieu.com\/en\/produit\/roulepierre-red\/\" class=\"blocVin\">\n\t\t\t\t<img decoding=\"async\" class=\"img-responsive\" alt=\"Roulepierre red\" src=\"https:\/\/www.pierre-amadieu.com\/wp-content\/uploads\/2018\/12\/CdR-Roulepierre-rouge-detoure.png\" \/>\n\t\t\t\t<h3>C\u00f4tes du Rh\u00f4ne\n\t\t\t\t<div class=\"couleurVin\">\n\t\t\t\t\tRed\n\t\t\t\t<\/div>\n\t\t\t\t<div class=\"appellation\">\n\t\t\t\t\tRoulepierre\n\t\t\t\t<\/div><\/h3>\n\t\t\t<\/a>\n\t\t\n\t\t\t<a href=\"https:\/\/www.pierre-amadieu.com\/en\/produit\/ventoux-la-claretiere-rhone-wine\/\" class=\"blocVin\">\n\t\t\t\t<img decoding=\"async\" class=\"img-responsive\" alt=\"La Clareti\u00c3\u00a8re red\" src=\"https:\/\/www.pierre-amadieu.com\/wp-content\/uploads\/2018\/12\/Ventoux-rouge-detoure.png\" \/>\n\t\t\t\t<h3>Ventoux\n\t\t\t\t<div class=\"couleurVin\">\n\t\t\t\t\tRed\n\t\t\t\t<\/div>\n\t\t\t\t<div class=\"appellation\">\n\t\t\t\t\tLa Clareti\u00e8re\n\t\t\t\t<\/div><\/h3>\n\t\t\t<\/a>\n\t\t\n\t\t<\/div>\n\t<\/div>\n\t\t\t\t\t\t<\/div>\n\t\t\t\t<\/div>\n\t\t\t\t\t<\/div>\n\t\t<\/div>\n\t\t\t\t\t<\/div>\n\t\t<\/section>\n\t\t\t\t<section class=\"elementor-section elementor-top-section elementor-element elementor-element-4a546129 elementor-section-boxed elementor-section-height-default elementor-section-height-default\" data-id=\"4a546129\" data-element_type=\"section\" data-e-type=\"section\">\n\t\t\t\t\t\t<div class=\"elementor-container elementor-column-gap-default\">\n\t\t\t\t\t<div class=\"elementor-column elementor-col-100 elementor-top-column elementor-element elementor-element-84e0aff\" data-id=\"84e0aff\" data-element_type=\"column\" data-e-type=\"column\">\n\t\t\t<div class=\"elementor-widget-wrap elementor-element-populated\">\n\t\t\t\t\t\t<div class=\"elementor-element elementor-element-73485a8 elementor-widget elementor-widget-heading\" data-id=\"73485a8\" data-element_type=\"widget\" data-e-type=\"widget\" data-widget_type=\"heading.default\">\n\t\t\t\t<div class=\"elementor-widget-container\">\n\t\t\t\t\t<h2 class=\"elementor-heading-title elementor-size-default\">Gigondas<\/h2>\t\t\t\t<\/div>\n\t\t\t\t<\/div>\n\t\t\t\t<div class=\"elementor-element elementor-element-2e2fcc56 elementor-widget elementor-widget-text-editor\" data-id=\"2e2fcc56\" data-element_type=\"widget\" data-e-type=\"widget\" data-widget_type=\"text-editor.default\">\n\t\t\t\t<div class=\"elementor-widget-container\">\n\t\t\t\t\t\t\t\t\t<p>Our family history is intimately linked to the village of Gigondas. For three generations, we have put all our know-how to work for this exceptional terroir by revealing and highlighting this prestigious appellation. Pierre Amadieu, the founder, has never ceased to promote and defend it, and he actively participated in its recognition as a Cru in 1971.<\/p>\n<p>Gigondas benefits from an exceptional situation with its diversity of terroirs and parcels that extend to the heights of the Dentelles de Montmirail mountains. This unique vinegrowing area has been shaped by the hand of men for centuries. The vines are deeply rooted in clay-limestone soils, bathed in sunlight and freshened by the wind.<\/p>\n\t\t\t\t\t\t\t\t<\/div>\n\t\t\t\t<\/div>\n\t\t\t\t\t<\/div>\n\t\t<\/div>\n\t\t\t\t\t<\/div>\n\t\t<\/section>\n\t\t\t\t<section class=\"elementor-section elementor-top-section elementor-element elementor-element-77afcb8c elementor-section-boxed elementor-section-height-default elementor-section-height-default\" data-id=\"77afcb8c\" data-element_type=\"section\" data-e-type=\"section\">\n\t\t\t\t\t\t<div class=\"elementor-container elementor-column-gap-default\">\n\t\t\t\t\t<div class=\"elementor-column elementor-col-100 elementor-top-column elementor-element elementor-element-45fe0e32\" data-id=\"45fe0e32\" data-element_type=\"column\" data-e-type=\"column\">\n\t\t\t<div class=\"elementor-widget-wrap elementor-element-populated\">\n\t\t\t\t\t\t<div class=\"elementor-element elementor-element-15a2b904 elementor-widget elementor-widget-heading\" data-id=\"15a2b904\" data-element_type=\"widget\" data-e-type=\"widget\" data-widget_type=\"heading.default\">\n\t\t\t\t<div class=\"elementor-widget-container\">\n\t\t\t\t\t<h2 class=\"elementor-heading-title elementor-size-default\">Ch\u00e2teauneuf-du-Pape<\/h2>\t\t\t\t<\/div>\n\t\t\t\t<\/div>\n\t\t\t\t<div class=\"elementor-element elementor-element-2fc91714 elementor-widget elementor-widget-text-editor\" data-id=\"2fc91714\" data-element_type=\"widget\" data-e-type=\"widget\" data-widget_type=\"text-editor.default\">\n\t\t\t\t<div class=\"elementor-widget-container\">\n\t\t\t\t\t\t\t\t\t<p>The originality of this terroir on the left bank of the Rh\u00f4ne in its southern part lies in the composition of the soils: stony terraces of alpine diluvium &#8211; famous rolled pebbles that store heat during the day and release it at night &#8211; clay slopes, some sandy patches that cover a predominantly limestone subsoil that can outcrop. A microclimate derived from the dominant Mediterranean climate allows for exceptional sunshine, where the help of the Mistral is far from negligible.<\/p>\n\t\t\t\t\t\t\t\t<\/div>\n\t\t\t\t<\/div>\n\t\t\t\t\t<\/div>\n\t\t<\/div>\n\t\t\t\t\t<\/div>\n\t\t<\/section>\n\t\t\t\t<section class=\"elementor-section elementor-top-section elementor-element elementor-element-58553013 elementor-section-boxed elementor-section-height-default elementor-section-height-default\" data-id=\"58553013\" data-element_type=\"section\" data-e-type=\"section\">\n\t\t\t\t\t\t<div class=\"elementor-container elementor-column-gap-default\">\n\t\t\t\t\t<div class=\"elementor-column elementor-col-100 elementor-top-column elementor-element elementor-element-6aa2cbc2\" data-id=\"6aa2cbc2\" data-element_type=\"column\" data-e-type=\"column\">\n\t\t\t<div class=\"elementor-widget-wrap elementor-element-populated\">\n\t\t\t\t\t\t<div class=\"elementor-element elementor-element-71e6d91e elementor-widget elementor-widget-heading\" data-id=\"71e6d91e\" data-element_type=\"widget\" data-e-type=\"widget\" data-widget_type=\"heading.default\">\n\t\t\t\t<div class=\"elementor-widget-container\">\n\t\t\t\t\t<h2 class=\"elementor-heading-title elementor-size-default\">Vacqueyras<\/h2>\t\t\t\t<\/div>\n\t\t\t\t<\/div>\n\t\t\t\t<div class=\"elementor-element elementor-element-1f215da7 elementor-widget elementor-widget-text-editor\" data-id=\"1f215da7\" data-element_type=\"widget\" data-e-type=\"widget\" data-widget_type=\"text-editor.default\">\n\t\t\t\t<div class=\"elementor-widget-container\">\n\t\t\t\t\t\t\t\t\t<p>Benefiting from a Mediterranean climate like all the Crus of the southern C\u00f4tes du Rh\u00f4ne, Vacqueyras is distinguished by a terraced terroir that stretches from the southwestern foothills of the Dentelles de Montmirail to the Sarrians plateau. They are composed of alluvial soils and glacial terraces of the Riss. The soils are sandy-clayey, with banks of rolled pebbles on the terraces of the Garrigues, towards the south of the appellation. Red wines represent 96% of the appellation. The blend of these different terroirs produces complex cuv\u00e9es, both powerful and full of finesse, most often with pretty spices.<\/p>\n\t\t\t\t\t\t\t\t<\/div>\n\t\t\t\t<\/div>\n\t\t\t\t\t<\/div>\n\t\t<\/div>\n\t\t\t\t\t<\/div>\n\t\t<\/section>\n\t\t\t\t<\/div>\n\t\t","protected":false},"excerpt":{"rendered":"<p>Our red wines From Ch\u00e2teauneuf-du-Pape to Gigondas, via Vacqueyras, discover our red wines, typical of the southern Rh\u00f4ne! Gigondas Our family history is intimately linked to the village of Gigondas. For three generations, we have put all our know-how to work for this exceptional terroir by revealing and highlighting this prestigious appellation. Pierre Amadieu, the [&hellip;]<\/p>\n","protected":false},"author":12,"featured_media":0,"parent":2135,"menu_order":0,"comment_status":"closed","ping_status":"closed","template":"","meta":{"_acf_changed":false,"ocean_post_layout":"","ocean_both_sidebars_style":"","ocean_both_sidebars_content_width":0,"ocean_both_sidebars_sidebars_width":0,"ocean_sidebar":"0","ocean_second_sidebar":"0","ocean_disable_margins":"enable","ocean_add_body_class":"","ocean_shortcode_before_top_bar":"","ocean_shortcode_after_top_bar":"","ocean_shortcode_before_header":"","ocean_shortcode_after_header":"","ocean_has_shortcode":"","ocean_shortcode_after_title":"","ocean_shortcode_before_footer_widgets":"","ocean_shortcode_after_footer_widgets":"","ocean_shortcode_before_footer_bottom":"","ocean_shortcode_after_footer_bottom":"","ocean_display_top_bar":"default","ocean_display_header":"default","ocean_header_style":"","ocean_center_header_left_menu":"0","ocean_custom_header_template":"0","ocean_custom_logo":0,"ocean_custom_retina_logo":0,"ocean_custom_logo_max_width":0,"ocean_custom_logo_tablet_max_width":0,"ocean_custom_logo_mobile_max_width":0,"ocean_custom_logo_max_height":0,"ocean_custom_logo_tablet_max_height":0,"ocean_custom_logo_mobile_max_height":0,"ocean_header_custom_menu":"0","ocean_menu_typo_font_family":"0","ocean_menu_typo_font_subset":"","ocean_menu_typo_font_size":0,"ocean_menu_typo_font_size_tablet":0,"ocean_menu_typo_font_size_mobile":0,"ocean_menu_typo_font_size_unit":"px","ocean_menu_typo_font_weight":"","ocean_menu_typo_font_weight_tablet":"","ocean_menu_typo_font_weight_mobile":"","ocean_menu_typo_transform":"","ocean_menu_typo_transform_tablet":"","ocean_menu_typo_transform_mobile":"","ocean_menu_typo_line_height":0,"ocean_menu_typo_line_height_tablet":0,"ocean_menu_typo_line_height_mobile":0,"ocean_menu_typo_line_height_unit":"","ocean_menu_typo_spacing":0,"ocean_menu_typo_spacing_tablet":0,"ocean_menu_typo_spacing_mobile":0,"ocean_menu_typo_spacing_unit":"","ocean_menu_link_color":"","ocean_menu_link_color_hover":"","ocean_menu_link_color_active":"","ocean_menu_link_background":"","ocean_menu_link_hover_background":"","ocean_menu_link_active_background":"","ocean_menu_social_links_bg":"","ocean_menu_social_hover_links_bg":"","ocean_menu_social_links_color":"","ocean_menu_social_hover_links_color":"","ocean_disable_title":"default","ocean_disable_heading":"default","ocean_post_title":"","ocean_post_subheading":"","ocean_post_title_style":"","ocean_post_title_background_color":"","ocean_post_title_background":0,"ocean_post_title_bg_image_position":"","ocean_post_title_bg_image_attachment":"","ocean_post_title_bg_image_repeat":"","ocean_post_title_bg_image_size":"","ocean_post_title_height":0,"ocean_post_title_bg_overlay":0.5,"ocean_post_title_bg_overlay_color":"","ocean_disable_breadcrumbs":"default","ocean_breadcrumbs_color":"","ocean_breadcrumbs_separator_color":"","ocean_breadcrumbs_links_color":"","ocean_breadcrumbs_links_hover_color":"","ocean_display_footer_widgets":"default","ocean_display_footer_bottom":"default","ocean_custom_footer_template":"0","footnotes":""},"class_list":["post-5199","page","type-page","status-publish","hentry","entry"],"acf":[],"yoast_head":"<!-- This site is optimized with the Yoast SEO plugin v27.3 - https:\/\/yoast.com\/product\/yoast-seo-wordpress\/ -->\n<title>Red Wines From Gigondas Ch\u00e2teauneuf Vacqueyras - Pierre Amadieu<\/title>\n<meta name=\"robots\" content=\"index, follow, max-snippet:-1, max-image-preview:large, max-video-preview:-1\" \/>\n<link rel=\"canonical\" href=\"https:\/\/www.pierre-amadieu.com\/en\/our-wines-from-gigondas-and-the-rhone-valley\/red-wines-from-gigondas-chateauneuf-vacqueyras\/\" \/>\n<meta property=\"og:locale\" content=\"en_US\" \/>\n<meta property=\"og:type\" content=\"article\" \/>\n<meta property=\"og:title\" content=\"Red Wines From Gigondas Ch\u00e2teauneuf Vacqueyras - Pierre Amadieu\" \/>\n<meta property=\"og:description\" content=\"Our red wines From Ch\u00e2teauneuf-du-Pape to Gigondas, via Vacqueyras, discover our red wines, typical of the southern Rh\u00f4ne! Gigondas Our family history is intimately linked to the village of Gigondas. For three generations, we have put all our know-how to work for this exceptional terroir by revealing and highlighting this prestigious appellation. Pierre Amadieu, the [&hellip;]\" \/>\n<meta property=\"og:url\" content=\"https:\/\/www.pierre-amadieu.com\/en\/our-wines-from-gigondas-and-the-rhone-valley\/red-wines-from-gigondas-chateauneuf-vacqueyras\/\" \/>\n<meta property=\"og:site_name\" content=\"Pierre Amadieu\" \/>\n<meta property=\"article:publisher\" content=\"https:\/\/www.facebook.com\/amadieu.pierre\" \/>\n<meta property=\"article:modified_time\" content=\"2019-12-18T15:30:41+00:00\" \/>\n<meta name=\"twitter:card\" content=\"summary_large_image\" \/>\n<meta name=\"twitter:label1\" content=\"Est. reading time\" \/>\n\t<meta name=\"twitter:data1\" content=\"2 minutes\" \/>\n<script type=\"application\/ld+json\" class=\"yoast-schema-graph\">{\"@context\":\"https:\\\/\\\/schema.org\",\"@graph\":[{\"@type\":\"WebPage\",\"@id\":\"https:\\\/\\\/www.pierre-amadieu.com\\\/en\\\/our-wines-from-gigondas-and-the-rhone-valley\\\/red-wines-from-gigondas-chateauneuf-vacqueyras\\\/\",\"url\":\"https:\\\/\\\/www.pierre-amadieu.com\\\/en\\\/our-wines-from-gigondas-and-the-rhone-valley\\\/red-wines-from-gigondas-chateauneuf-vacqueyras\\\/\",\"name\":\"Red Wines From Gigondas Ch\u00e2teauneuf Vacqueyras - Pierre Amadieu\",\"isPartOf\":{\"@id\":\"https:\\\/\\\/www.pierre-amadieu.com\\\/en\\\/#website\"},\"datePublished\":\"2019-12-10T15:48:33+00:00\",\"dateModified\":\"2019-12-18T15:30:41+00:00\",\"breadcrumb\":{\"@id\":\"https:\\\/\\\/www.pierre-amadieu.com\\\/en\\\/our-wines-from-gigondas-and-the-rhone-valley\\\/red-wines-from-gigondas-chateauneuf-vacqueyras\\\/#breadcrumb\"},\"inLanguage\":\"en-US\",\"potentialAction\":[{\"@type\":\"ReadAction\",\"target\":[\"https:\\\/\\\/www.pierre-amadieu.com\\\/en\\\/our-wines-from-gigondas-and-the-rhone-valley\\\/red-wines-from-gigondas-chateauneuf-vacqueyras\\\/\"]}]},{\"@type\":\"BreadcrumbList\",\"@id\":\"https:\\\/\\\/www.pierre-amadieu.com\\\/en\\\/our-wines-from-gigondas-and-the-rhone-valley\\\/red-wines-from-gigondas-chateauneuf-vacqueyras\\\/#breadcrumb\",\"itemListElement\":[{\"@type\":\"ListItem\",\"position\":1,\"name\":\"Accueil\",\"item\":\"https:\\\/\\\/www.pierre-amadieu.com\\\/en\\\/\"},{\"@type\":\"ListItem\",\"position\":2,\"name\":\"Our Wines\",\"item\":\"https:\\\/\\\/www.pierre-amadieu.com\\\/en\\\/our-wines-from-gigondas-and-the-rhone-valley\\\/\"},{\"@type\":\"ListItem\",\"position\":3,\"name\":\"Red wines\"}]},{\"@type\":\"WebSite\",\"@id\":\"https:\\\/\\\/www.pierre-amadieu.com\\\/en\\\/#website\",\"url\":\"https:\\\/\\\/www.pierre-amadieu.com\\\/en\\\/\",\"name\":\"Pierre Amadieu\",\"description\":\"\",\"publisher\":{\"@id\":\"https:\\\/\\\/www.pierre-amadieu.com\\\/en\\\/#organization\"},\"potentialAction\":[{\"@type\":\"SearchAction\",\"target\":{\"@type\":\"EntryPoint\",\"urlTemplate\":\"https:\\\/\\\/www.pierre-amadieu.com\\\/en\\\/?s={search_term_string}\"},\"query-input\":{\"@type\":\"PropertyValueSpecification\",\"valueRequired\":true,\"valueName\":\"search_term_string\"}}],\"inLanguage\":\"en-US\"},{\"@type\":\"Organization\",\"@id\":\"https:\\\/\\\/www.pierre-amadieu.com\\\/en\\\/#organization\",\"name\":\"Pierre Amadieu\",\"url\":\"https:\\\/\\\/www.pierre-amadieu.com\\\/en\\\/\",\"logo\":{\"@type\":\"ImageObject\",\"inLanguage\":\"en-US\",\"@id\":\"https:\\\/\\\/www.pierre-amadieu.com\\\/en\\\/#\\\/schema\\\/logo\\\/image\\\/\",\"url\":\"https:\\\/\\\/www.pierre-amadieu.com\\\/wp-content\\\/uploads\\\/2018\\\/11\\\/logo-1.png\",\"contentUrl\":\"https:\\\/\\\/www.pierre-amadieu.com\\\/wp-content\\\/uploads\\\/2018\\\/11\\\/logo-1.png\",\"width\":282,\"height\":159,\"caption\":\"Pierre Amadieu\"},\"image\":{\"@id\":\"https:\\\/\\\/www.pierre-amadieu.com\\\/en\\\/#\\\/schema\\\/logo\\\/image\\\/\"},\"sameAs\":[\"https:\\\/\\\/www.facebook.com\\\/amadieu.pierre\",\"https:\\\/\\\/www.instagram.com\\\/pierreamadieu\\\/\",\"https:\\\/\\\/www.youtube.com\\\/channel\\\/UCrBhG6i2S7WZ9aUTsaFINow\"]}]}<\/script>\n<!-- \/ Yoast SEO plugin. -->","yoast_head_json":{"title":"Red Wines From Gigondas Ch\u00e2teauneuf Vacqueyras - Pierre Amadieu","robots":{"index":"index","follow":"follow","max-snippet":"max-snippet:-1","max-image-preview":"max-image-preview:large","max-video-preview":"max-video-preview:-1"},"canonical":"https:\/\/www.pierre-amadieu.com\/en\/our-wines-from-gigondas-and-the-rhone-valley\/red-wines-from-gigondas-chateauneuf-vacqueyras\/","og_locale":"en_US","og_type":"article","og_title":"Red Wines From Gigondas Ch\u00e2teauneuf Vacqueyras - Pierre Amadieu","og_description":"Our red wines From Ch\u00e2teauneuf-du-Pape to Gigondas, via Vacqueyras, discover our red wines, typical of the southern Rh\u00f4ne! Gigondas Our family history is intimately linked to the village of Gigondas. For three generations, we have put all our know-how to work for this exceptional terroir by revealing and highlighting this prestigious appellation. Pierre Amadieu, the [&hellip;]","og_url":"https:\/\/www.pierre-amadieu.com\/en\/our-wines-from-gigondas-and-the-rhone-valley\/red-wines-from-gigondas-chateauneuf-vacqueyras\/","og_site_name":"Pierre Amadieu","article_publisher":"https:\/\/www.facebook.com\/amadieu.pierre","article_modified_time":"2019-12-18T15:30:41+00:00","twitter_card":"summary_large_image","twitter_misc":{"Est. reading time":"2 minutes"},"schema":{"@context":"https:\/\/schema.org","@graph":[{"@type":"WebPage","@id":"https:\/\/www.pierre-amadieu.com\/en\/our-wines-from-gigondas-and-the-rhone-valley\/red-wines-from-gigondas-chateauneuf-vacqueyras\/","url":"https:\/\/www.pierre-amadieu.com\/en\/our-wines-from-gigondas-and-the-rhone-valley\/red-wines-from-gigondas-chateauneuf-vacqueyras\/","name":"Red Wines From Gigondas Ch\u00e2teauneuf Vacqueyras - Pierre Amadieu","isPartOf":{"@id":"https:\/\/www.pierre-amadieu.com\/en\/#website"},"datePublished":"2019-12-10T15:48:33+00:00","dateModified":"2019-12-18T15:30:41+00:00","breadcrumb":{"@id":"https:\/\/www.pierre-amadieu.com\/en\/our-wines-from-gigondas-and-the-rhone-valley\/red-wines-from-gigondas-chateauneuf-vacqueyras\/#breadcrumb"},"inLanguage":"en-US","potentialAction":[{"@type":"ReadAction","target":["https:\/\/www.pierre-amadieu.com\/en\/our-wines-from-gigondas-and-the-rhone-valley\/red-wines-from-gigondas-chateauneuf-vacqueyras\/"]}]},{"@type":"BreadcrumbList","@id":"https:\/\/www.pierre-amadieu.com\/en\/our-wines-from-gigondas-and-the-rhone-valley\/red-wines-from-gigondas-chateauneuf-vacqueyras\/#breadcrumb","itemListElement":[{"@type":"ListItem","position":1,"name":"Accueil","item":"https:\/\/www.pierre-amadieu.com\/en\/"},{"@type":"ListItem","position":2,"name":"Our Wines","item":"https:\/\/www.pierre-amadieu.com\/en\/our-wines-from-gigondas-and-the-rhone-valley\/"},{"@type":"ListItem","position":3,"name":"Red wines"}]},{"@type":"WebSite","@id":"https:\/\/www.pierre-amadieu.com\/en\/#website","url":"https:\/\/www.pierre-amadieu.com\/en\/","name":"Pierre Amadieu","description":"","publisher":{"@id":"https:\/\/www.pierre-amadieu.com\/en\/#organization"},"potentialAction":[{"@type":"SearchAction","target":{"@type":"EntryPoint","urlTemplate":"https:\/\/www.pierre-amadieu.com\/en\/?s={search_term_string}"},"query-input":{"@type":"PropertyValueSpecification","valueRequired":true,"valueName":"search_term_string"}}],"inLanguage":"en-US"},{"@type":"Organization","@id":"https:\/\/www.pierre-amadieu.com\/en\/#organization","name":"Pierre Amadieu","url":"https:\/\/www.pierre-amadieu.com\/en\/","logo":{"@type":"ImageObject","inLanguage":"en-US","@id":"https:\/\/www.pierre-amadieu.com\/en\/#\/schema\/logo\/image\/","url":"https:\/\/www.pierre-amadieu.com\/wp-content\/uploads\/2018\/11\/logo-1.png","contentUrl":"https:\/\/www.pierre-amadieu.com\/wp-content\/uploads\/2018\/11\/logo-1.png","width":282,"height":159,"caption":"Pierre Amadieu"},"image":{"@id":"https:\/\/www.pierre-amadieu.com\/en\/#\/schema\/logo\/image\/"},"sameAs":["https:\/\/www.facebook.com\/amadieu.pierre","https:\/\/www.instagram.com\/pierreamadieu\/","https:\/\/www.youtube.com\/channel\/UCrBhG6i2S7WZ9aUTsaFINow"]}]}},"_links":{"self":[{"href":"https:\/\/www.pierre-amadieu.com\/en\/wp-json\/wp\/v2\/pages\/5199","targetHints":{"allow":["GET"]}}],"collection":[{"href":"https:\/\/www.pierre-amadieu.com\/en\/wp-json\/wp\/v2\/pages"}],"about":[{"href":"https:\/\/www.pierre-amadieu.com\/en\/wp-json\/wp\/v2\/types\/page"}],"author":[{"embeddable":true,"href":"https:\/\/www.pierre-amadieu.com\/en\/wp-json\/wp\/v2\/users\/12"}],"replies":[{"embeddable":true,"href":"https:\/\/www.pierre-amadieu.com\/en\/wp-json\/wp\/v2\/comments?post=5199"}],"version-history":[{"count":5,"href":"https:\/\/www.pierre-amadieu.com\/en\/wp-json\/wp\/v2\/pages\/5199\/revisions"}],"predecessor-version":[{"id":5816,"href":"https:\/\/www.pierre-amadieu.com\/en\/wp-json\/wp\/v2\/pages\/5199\/revisions\/5816"}],"up":[{"embeddable":true,"href":"https:\/\/www.pierre-amadieu.com\/en\/wp-json\/wp\/v2\/pages\/2135"}],"wp:attachment":[{"href":"https:\/\/www.pierre-amadieu.com\/en\/wp-json\/wp\/v2\/media?parent=5199"}],"curies":[{"name":"wp","href":"https:\/\/api.w.org\/{rel}","templated":true}]}}