{"id":5272,"date":"2019-12-12T15:58:25","date_gmt":"2019-12-12T14:58:25","guid":{"rendered":"https:\/\/www.pierre-amadieu.com\/our-wines\/cairanne\/"},"modified":"2021-09-13T12:26:57","modified_gmt":"2021-09-13T10:26:57","slug":"cairanne-red-and-white-wine-from-the-rhone-valley","status":"publish","type":"page","link":"https:\/\/www.pierre-amadieu.com\/en\/our-wines-from-gigondas-and-the-rhone-valley\/cairanne-red-and-white-wine-from-the-rhone-valley\/","title":{"rendered":"Cairanne"},"content":{"rendered":"\t\t<div data-elementor-type=\"wp-post\" data-elementor-id=\"5272\" class=\"elementor elementor-5272 elementor-1862\" data-elementor-post-type=\"page\">\n\t\t\t\t\t\t<section class=\"elementor-section elementor-top-section elementor-element elementor-element-360eb00 elementor-section-boxed elementor-section-height-default elementor-section-height-default\" data-id=\"360eb00\" data-element_type=\"section\" data-e-type=\"section\">\n\t\t\t\t\t\t<div class=\"elementor-container elementor-column-gap-default\">\n\t\t\t\t\t<div class=\"elementor-column elementor-col-50 elementor-top-column elementor-element elementor-element-894012e\" data-id=\"894012e\" data-element_type=\"column\" data-e-type=\"column\">\n\t\t\t<div class=\"elementor-widget-wrap elementor-element-populated\">\n\t\t\t\t\t\t<div class=\"elementor-element elementor-element-35136a2c elementor-widget elementor-widget-heading\" data-id=\"35136a2c\" data-element_type=\"widget\" data-e-type=\"widget\" data-widget_type=\"heading.default\">\n\t\t\t\t<div class=\"elementor-widget-container\">\n\t\t\t\t\t<h1 class=\"elementor-heading-title elementor-size-default\">Cairanne Appellation,<br>Cru of the C\u00f4tes du Rh\u00f4ne<\/h1>\t\t\t\t<\/div>\n\t\t\t\t<\/div>\n\t\t\t\t<div class=\"elementor-element elementor-element-486b15af elementor-widget-divider--view-line elementor-widget elementor-widget-divider\" data-id=\"486b15af\" data-element_type=\"widget\" data-e-type=\"widget\" data-widget_type=\"divider.default\">\n\t\t\t\t<div class=\"elementor-widget-container\">\n\t\t\t\t\t\t\t<div class=\"elementor-divider\">\n\t\t\t<span class=\"elementor-divider-separator\">\n\t\t\t\t\t\t<\/span>\n\t\t<\/div>\n\t\t\t\t\t\t<\/div>\n\t\t\t\t<\/div>\n\t\t\t\t<div class=\"elementor-element elementor-element-58213dc elementor-widget elementor-widget-heading\" data-id=\"58213dc\" data-element_type=\"widget\" data-e-type=\"widget\" data-widget_type=\"heading.default\">\n\t\t\t\t<div class=\"elementor-widget-container\">\n\t\t\t\t\t<h2 class=\"elementor-heading-title elementor-size-default\">Leaning to the south of a hillside massif that separates the Valleys of Aygues and Ouv\u00e8ze, the appellation extends only on the village of Cairanne in the northwest of the Vaucluse department.<\/h2>\t\t\t\t<\/div>\n\t\t\t\t<\/div>\n\t\t\t\t<div class=\"elementor-element elementor-element-f67e190 elementor-view-default elementor-widget elementor-widget-icon\" data-id=\"f67e190\" data-element_type=\"widget\" data-e-type=\"widget\" data-widget_type=\"icon.default\">\n\t\t\t\t<div class=\"elementor-widget-container\">\n\t\t\t\t\t\t\t<div class=\"elementor-icon-wrapper\">\n\t\t\t<a class=\"elementor-icon\" href=\"#historycairanne\">\n\t\t\t\t\t\t\t<i class=\"fa fa-angle-double-down\" aria-hidden=\"true\"><\/i>\n\t\t\t\t\t\t<\/a>\n\t\t<\/div>\n\t\t\t\t\t\t<\/div>\n\t\t\t\t<\/div>\n\t\t\t\t\t<\/div>\n\t\t<\/div>\n\t\t\t\t<div class=\"elementor-column elementor-col-50 elementor-top-column elementor-element elementor-element-573067b\" data-id=\"573067b\" data-element_type=\"column\" data-e-type=\"column\">\n\t\t\t<div class=\"elementor-widget-wrap elementor-element-populated\">\n\t\t\t\t\t\t<div class=\"elementor-element elementor-element-26d6cbd elementor-widget elementor-widget-shortcode\" data-id=\"26d6cbd\" data-element_type=\"widget\" data-e-type=\"widget\" data-widget_type=\"shortcode.default\">\n\t\t\t\t<div class=\"elementor-widget-container\">\n\t\t\t\t\t\t\t<div class=\"elementor-shortcode\">\n\t\t<div class=\"listingVins\">\n\t\t\t<a href=\"https:\/\/www.pierre-amadieu.com\/en\/produit\/cairanne-les-hautes-rives-red\/\" class=\"blocVin\">\n\t\t\t\t<img decoding=\"async\" class=\"img-responsive\" alt=\"Les Hautes Rives red\" src=\"https:\/\/www.pierre-amadieu.com\/wp-content\/uploads\/2018\/12\/Cairanne-rouge-detoure.png\" \/>\n\t\t\t\t<h3>Cairanne\n\t\t\t\t<div class=\"couleurVin\">\n\t\t\t\t\tRed\n\t\t\t\t<\/div>\n\t\t\t\t<div class=\"appellation\">\n\t\t\t\t\tLes Hautes Rives\n\t\t\t\t<\/div><\/h3>\n\t\t\t<\/a>\n\t\t\n\t\t\t<a href=\"https:\/\/www.pierre-amadieu.com\/en\/produit\/cairanne-les-hautes-rives-white\/\" class=\"blocVin\">\n\t\t\t\t<img decoding=\"async\" class=\"img-responsive\" alt=\"Les Hautes Rives white\" src=\"https:\/\/www.pierre-amadieu.com\/wp-content\/uploads\/2018\/12\/Cairanne-blanc-detoure.png\" \/>\n\t\t\t\t<h3>Cairanne\n\t\t\t\t<div class=\"couleurVin\">\n\t\t\t\t\tWhite\n\t\t\t\t<\/div>\n\t\t\t\t<div class=\"appellation\">\n\t\t\t\t\tLes Hautes Rives\n\t\t\t\t<\/div><\/h3>\n\t\t\t<\/a>\n\t\t\n\t\t<\/div>\n\t<\/div>\n\t\t\t\t\t\t<\/div>\n\t\t\t\t<\/div>\n\t\t\t\t\t<\/div>\n\t\t<\/div>\n\t\t\t\t\t<\/div>\n\t\t<\/section>\n\t\t\t\t<section class=\"elementor-section elementor-top-section elementor-element elementor-element-1f8a8e7 elementor-section-boxed elementor-section-height-default elementor-section-height-default\" data-id=\"1f8a8e7\" data-element_type=\"section\" data-e-type=\"section\">\n\t\t\t\t\t\t<div class=\"elementor-container elementor-column-gap-default\">\n\t\t\t\t\t<div class=\"elementor-column elementor-col-100 elementor-top-column elementor-element elementor-element-fd1ce8b\" data-id=\"fd1ce8b\" data-element_type=\"column\" data-e-type=\"column\">\n\t\t\t<div class=\"elementor-widget-wrap elementor-element-populated\">\n\t\t\t\t\t\t<div class=\"elementor-element elementor-element-9e625a5 elementor-widget elementor-widget-menu-anchor\" data-id=\"9e625a5\" data-element_type=\"widget\" data-e-type=\"widget\" data-widget_type=\"menu-anchor.default\">\n\t\t\t\t<div class=\"elementor-widget-container\">\n\t\t\t\t\t\t\t<div class=\"elementor-menu-anchor\" id=\"historycairanne\"><\/div>\n\t\t\t\t\t\t<\/div>\n\t\t\t\t<\/div>\n\t\t\t\t\t<\/div>\n\t\t<\/div>\n\t\t\t\t\t<\/div>\n\t\t<\/section>\n\t\t\t\t<section class=\"elementor-section elementor-top-section elementor-element elementor-element-3733739 elementor-section-boxed elementor-section-height-default elementor-section-height-default\" data-id=\"3733739\" data-element_type=\"section\" data-e-type=\"section\">\n\t\t\t\t\t\t<div class=\"elementor-container elementor-column-gap-default\">\n\t\t\t\t\t<div class=\"elementor-column elementor-col-100 elementor-top-column elementor-element elementor-element-2fe9797\" data-id=\"2fe9797\" data-element_type=\"column\" data-e-type=\"column\">\n\t\t\t<div class=\"elementor-widget-wrap elementor-element-populated\">\n\t\t\t\t\t\t<div class=\"elementor-element elementor-element-6471fc9 elementor-widget elementor-widget-heading\" data-id=\"6471fc9\" data-element_type=\"widget\" data-e-type=\"widget\" data-widget_type=\"heading.default\">\n\t\t\t\t<div class=\"elementor-widget-container\">\n\t\t\t\t\t<h2 class=\"elementor-heading-title elementor-size-default\">Terroir<\/h2>\t\t\t\t<\/div>\n\t\t\t\t<\/div>\n\t\t\t\t<div class=\"elementor-element elementor-element-d953ea0 elementor-widget elementor-widget-text-editor\" data-id=\"d953ea0\" data-element_type=\"widget\" data-e-type=\"widget\" data-widget_type=\"text-editor.default\">\n\t\t\t\t<div class=\"elementor-widget-container\">\n\t\t\t\t\t\t\t\t\t<p>The 846 hectares are divided into three main areas, each of which contributes to the production of elegant and complex wines: the Aygues river terraces to the west, the Miocene hills to the north, and the garrigues to the south of the village.<\/p><p><br \/>The Aygues terraces are a mixture of pebbles and clays laid on sand. They are interesting for the roundness and suppleness they give to the wines. To the north, the &#8220;Ventabren mountain&#8221;, one of the major terroirs of Cairanne, offers marl and limestone slopes that are interesting for their freshness and their diversity of exposure. The top of the hills is made up of Miocene alluvium, with pebbles and limestone gravels wrapped in yellow, ochre and brown marl which feed the slopes. Finally, to the south, the large plateau of the garrigues is made up of stony alluvial deposits that rest on fine-grained materials dating from the Tertiary period (brown clayey soils). The pebbles store heat and release it to the vines and grapes, while the clays are capable of delivering the water they need to the vines in periods of intense heat.<\/p>\t\t\t\t\t\t\t\t<\/div>\n\t\t\t\t<\/div>\n\t\t\t\t\t<\/div>\n\t\t<\/div>\n\t\t\t\t\t<\/div>\n\t\t<\/section>\n\t\t\t\t<section class=\"elementor-section elementor-top-section elementor-element elementor-element-91676ca elementor-section-boxed elementor-section-height-default elementor-section-height-default\" data-id=\"91676ca\" data-element_type=\"section\" data-e-type=\"section\">\n\t\t\t\t\t\t<div class=\"elementor-container elementor-column-gap-default\">\n\t\t\t\t\t<div class=\"elementor-column elementor-col-50 elementor-top-column elementor-element elementor-element-9a1fba6\" data-id=\"9a1fba6\" data-element_type=\"column\" data-e-type=\"column\">\n\t\t\t<div class=\"elementor-widget-wrap elementor-element-populated\">\n\t\t\t\t\t\t<div class=\"elementor-element elementor-element-0e77f48 elementor-position-top elementor-widget elementor-widget-image-box\" data-id=\"0e77f48\" data-element_type=\"widget\" data-e-type=\"widget\" data-widget_type=\"image-box.default\">\n\t\t\t\t<div class=\"elementor-widget-container\">\n\t\t\t\t\t<div class=\"elementor-image-box-wrapper\"><figure class=\"elementor-image-box-img\"><a href=\"https:\/\/www.pierre-amadieu.com\/wp-content\/uploads\/2019\/04\/coupe-terroir-Cairanne.png\" tabindex=\"-1\"><img fetchpriority=\"high\" decoding=\"async\" width=\"1024\" height=\"768\" src=\"https:\/\/www.pierre-amadieu.com\/wp-content\/uploads\/2019\/04\/coupe-terroir-Cairanne-1024x768.png\" class=\"attachment-large size-large wp-image-2380\" alt=\"coupe terroir Cairanne\" srcset=\"https:\/\/www.pierre-amadieu.com\/wp-content\/uploads\/2019\/04\/coupe-terroir-Cairanne.png 1024w, https:\/\/www.pierre-amadieu.com\/wp-content\/uploads\/2019\/04\/coupe-terroir-Cairanne-300x225.png 300w, https:\/\/www.pierre-amadieu.com\/wp-content\/uploads\/2019\/04\/coupe-terroir-Cairanne-768x576.png 768w\" sizes=\"(max-width: 1024px) 100vw, 1024px\" \/><\/a><\/figure><div class=\"elementor-image-box-content\"><h3 class=\"elementor-image-box-title\"><a href=\"https:\/\/www.pierre-amadieu.com\/wp-content\/uploads\/2019\/04\/coupe-terroir-Cairanne.png\">Download the terroirs map<\/a><\/h3><\/div><\/div>\t\t\t\t<\/div>\n\t\t\t\t<\/div>\n\t\t\t\t\t<\/div>\n\t\t<\/div>\n\t\t\t\t<div class=\"elementor-column elementor-col-50 elementor-top-column elementor-element elementor-element-1af2141\" data-id=\"1af2141\" data-element_type=\"column\" data-e-type=\"column\">\n\t\t\t<div class=\"elementor-widget-wrap elementor-element-populated\">\n\t\t\t\t\t\t<div class=\"elementor-element elementor-element-7f219ec elementor-widget elementor-widget-text-editor\" data-id=\"7f219ec\" data-element_type=\"widget\" data-e-type=\"widget\" data-widget_type=\"text-editor.default\">\n\t\t\t\t<div class=\"elementor-widget-container\">\n\t\t\t\t\t\t\t\t\t<p>These observations reveal a territory where Cairanne wines combine harmony and elegance. Cairanne enjoys a dry Mediterranean climate, characterised by a strong sunshine and a strong influence of the Mistral, which favours the good health of the vines throughout the year.<\/p>\n\t\t\t\t\t\t\t\t<\/div>\n\t\t\t\t<\/div>\n\t\t\t\t\t<\/div>\n\t\t<\/div>\n\t\t\t\t\t<\/div>\n\t\t<\/section>\n\t\t\t\t<section class=\"elementor-section elementor-top-section elementor-element elementor-element-3e4e8e1b elementor-section-boxed elementor-section-height-default elementor-section-height-default\" data-id=\"3e4e8e1b\" data-element_type=\"section\" data-e-type=\"section\">\n\t\t\t\t\t\t<div class=\"elementor-container elementor-column-gap-default\">\n\t\t\t\t\t<div class=\"elementor-column elementor-col-50 elementor-top-column elementor-element elementor-element-7daf143a\" data-id=\"7daf143a\" data-element_type=\"column\" data-e-type=\"column\">\n\t\t\t<div class=\"elementor-widget-wrap elementor-element-populated\">\n\t\t\t\t\t\t<div class=\"elementor-element elementor-element-1db4bd18 elementor-widget elementor-widget-heading\" data-id=\"1db4bd18\" data-element_type=\"widget\" data-e-type=\"widget\" data-widget_type=\"heading.default\">\n\t\t\t\t<div class=\"elementor-widget-container\">\n\t\t\t\t\t<h2 class=\"elementor-heading-title elementor-size-default\">Cairanne, Cru of the C\u00f4tes du Rh\u00f4ne since 2016<\/h2>\t\t\t\t<\/div>\n\t\t\t\t<\/div>\n\t\t\t\t<div class=\"elementor-element elementor-element-750a95c9 elementor-widget elementor-widget-text-editor\" data-id=\"750a95c9\" data-element_type=\"widget\" data-e-type=\"widget\" data-widget_type=\"text-editor.default\">\n\t\t\t\t<div class=\"elementor-widget-container\">\n\t\t\t\t\t\t\t\t\t<p>Integrated into the C\u00f4tes du Rh\u00f4ne appellation area, this DPO had the right to specify its communal name from 1953. Then in 1967, the appellation C\u00f4tes du Rh\u00f4ne Villages Cairanne became official. Wanting to go further in the recognition of the quality of their wines, the winegrowers filed in 2008 a file for accession to the local appellation.<\/p><p>\u00a0<\/p><p>In June 2016, the INAO (National Institute of Origin and Quality) validated the final stage of the transition from the C\u00f4tes du Rh\u00f4ne Villages Cairanne appellation to the Cairanne appellation. A great reward for the winegrowers of this Cru.<\/p>\t\t\t\t\t\t\t\t<\/div>\n\t\t\t\t<\/div>\n\t\t\t\t\t<\/div>\n\t\t<\/div>\n\t\t\t\t<div class=\"elementor-column elementor-col-50 elementor-top-column elementor-element elementor-element-a0992ca\" data-id=\"a0992ca\" data-element_type=\"column\" data-e-type=\"column\">\n\t\t\t<div class=\"elementor-widget-wrap elementor-element-populated\">\n\t\t\t\t\t\t<div class=\"elementor-element elementor-element-a1bef0e elementor-widget elementor-widget-image\" data-id=\"a1bef0e\" data-element_type=\"widget\" data-e-type=\"widget\" data-widget_type=\"image.default\">\n\t\t\t\t<div class=\"elementor-widget-container\">\n\t\t\t\t\t\t\t\t\t\t\t\t\t\t\t<img decoding=\"async\" width=\"1024\" height=\"601\" src=\"https:\/\/www.pierre-amadieu.com\/wp-content\/uploads\/2019\/12\/cairanne-violet-1024x601.png\" class=\"attachment-large size-large wp-image-4866\" alt=\"Logo Cairanne\" srcset=\"https:\/\/www.pierre-amadieu.com\/wp-content\/uploads\/2019\/12\/cairanne-violet-1024x601.png 1024w, https:\/\/www.pierre-amadieu.com\/wp-content\/uploads\/2019\/12\/cairanne-violet-300x176.png 300w, https:\/\/www.pierre-amadieu.com\/wp-content\/uploads\/2019\/12\/cairanne-violet-768x450.png 768w, https:\/\/www.pierre-amadieu.com\/wp-content\/uploads\/2019\/12\/cairanne-violet.png 1248w\" sizes=\"(max-width: 1024px) 100vw, 1024px\" \/>\t\t\t\t\t\t\t\t\t\t\t\t\t\t\t<\/div>\n\t\t\t\t<\/div>\n\t\t\t\t\t<\/div>\n\t\t<\/div>\n\t\t\t\t\t<\/div>\n\t\t<\/section>\n\t\t\t\t<section class=\"elementor-section elementor-top-section elementor-element elementor-element-19a7089 elementor-section-boxed elementor-section-height-default elementor-section-height-default\" data-id=\"19a7089\" data-element_type=\"section\" data-e-type=\"section\">\n\t\t\t\t\t\t<div class=\"elementor-container elementor-column-gap-default\">\n\t\t\t\t\t<div class=\"elementor-column elementor-col-50 elementor-top-column elementor-element elementor-element-6475d35\" data-id=\"6475d35\" data-element_type=\"column\" data-e-type=\"column\">\n\t\t\t<div class=\"elementor-widget-wrap elementor-element-populated\">\n\t\t\t\t\t\t<div class=\"elementor-element elementor-element-b7b9298 elementor-widget elementor-widget-heading\" data-id=\"b7b9298\" data-element_type=\"widget\" data-e-type=\"widget\" data-widget_type=\"heading.default\">\n\t\t\t\t<div class=\"elementor-widget-container\">\n\t\t\t\t\t<h2 class=\"elementor-heading-title elementor-size-default\">White Cairanne<\/h2>\t\t\t\t<\/div>\n\t\t\t\t<\/div>\n\t\t\t\t<div class=\"elementor-element elementor-element-3a60ea8 elementor-widget elementor-widget-text-editor\" data-id=\"3a60ea8\" data-element_type=\"widget\" data-e-type=\"widget\" data-widget_type=\"text-editor.default\">\n\t\t\t\t<div class=\"elementor-widget-container\">\n\t\t\t\t\t\t\t\t\t<p>Cairanne has been a C\u00f4tes du Rh\u00f4ne Cru since the 2015 vintage. But it is especially known for its red wines since only 4% of white wines are produced there. They are generally produced from white Grenache (50%), Clairette (25%), Marsanne, Roussanne, Bourboulenc and Viognier.<\/p>\n<p>Several terroirs make up the commune. To the north, the slopes of the southern slope of the &#8220;Montagne&#8221;, mixing white clay and limestone, which collapses to the south on a stony terrace, interland between the Aigues and the Ouv\u00e8ze, called the &#8220;Plan de Dieu&#8221;.<\/p>\n<p>To the south and west, the &#8220;Garrigues&#8221; formed by red clays, which adjoin the terraces of Aygues, formed by alluvium of the alpine diluvium. To the northwest of the commune, the &#8220;Hautes-Rives&#8221; and &#8220;les Bayes&#8221; are composed of siliceous soil.<\/p>\n\t\t\t\t\t\t\t\t<\/div>\n\t\t\t\t<\/div>\n\t\t\t\t\t<\/div>\n\t\t<\/div>\n\t\t\t\t<div class=\"elementor-column elementor-col-50 elementor-top-column elementor-element elementor-element-2a46330\" data-id=\"2a46330\" data-element_type=\"column\" data-e-type=\"column\">\n\t\t\t<div class=\"elementor-widget-wrap elementor-element-populated\">\n\t\t\t\t\t\t<div class=\"elementor-element elementor-element-013d3b9 elementor-hidden-tablet elementor-hidden-phone elementor-widget elementor-widget-spacer\" data-id=\"013d3b9\" data-element_type=\"widget\" data-e-type=\"widget\" data-widget_type=\"spacer.default\">\n\t\t\t\t<div class=\"elementor-widget-container\">\n\t\t\t\t\t\t\t<div class=\"elementor-spacer\">\n\t\t\t<div class=\"elementor-spacer-inner\"><\/div>\n\t\t<\/div>\n\t\t\t\t\t\t<\/div>\n\t\t\t\t<\/div>\n\t\t\t\t<div class=\"elementor-element elementor-element-69b05b4 elementor-widget elementor-widget-image\" data-id=\"69b05b4\" data-element_type=\"widget\" data-e-type=\"widget\" data-widget_type=\"image.default\">\n\t\t\t\t<div class=\"elementor-widget-container\">\n\t\t\t\t\t\t\t\t\t\t\t\t\t\t\t<img decoding=\"async\" width=\"768\" height=\"512\" src=\"https:\/\/www.pierre-amadieu.com\/wp-content\/uploads\/2019\/04\/PC243662-768x512.jpg\" class=\"attachment-medium_large size-medium_large wp-image-2382\" alt=\"food &amp; white Cairanne pairing\" srcset=\"https:\/\/www.pierre-amadieu.com\/wp-content\/uploads\/2019\/04\/PC243662-768x512.jpg 768w, https:\/\/www.pierre-amadieu.com\/wp-content\/uploads\/2019\/04\/PC243662-300x200.jpg 300w, https:\/\/www.pierre-amadieu.com\/wp-content\/uploads\/2019\/04\/PC243662-1024x683.jpg 1024w\" sizes=\"(max-width: 768px) 100vw, 768px\" \/>\t\t\t\t\t\t\t\t\t\t\t\t\t\t\t<\/div>\n\t\t\t\t<\/div>\n\t\t\t\t\t<\/div>\n\t\t<\/div>\n\t\t\t\t\t<\/div>\n\t\t<\/section>\n\t\t\t\t<\/div>\n\t\t","protected":false},"excerpt":{"rendered":"<p>Cairanne Appellation,Cru of the C\u00f4tes du Rh\u00f4ne Leaning to the south of a hillside massif that separates the Valleys of Aygues and Ouv\u00e8ze, the appellation extends only on the village of Cairanne in the northwest of the Vaucluse department. Terroir The 846 hectares are divided into three main areas, each of which contributes to the [&hellip;]<\/p>\n","protected":false},"author":5,"featured_media":0,"parent":2135,"menu_order":0,"comment_status":"closed","ping_status":"closed","template":"","meta":{"_acf_changed":false,"ocean_post_layout":"","ocean_both_sidebars_style":"","ocean_both_sidebars_content_width":0,"ocean_both_sidebars_sidebars_width":0,"ocean_sidebar":"","ocean_second_sidebar":"","ocean_disable_margins":"enable","ocean_add_body_class":"","ocean_shortcode_before_top_bar":"","ocean_shortcode_after_top_bar":"","ocean_shortcode_before_header":"","ocean_shortcode_after_header":"","ocean_has_shortcode":"","ocean_shortcode_after_title":"","ocean_shortcode_before_footer_widgets":"","ocean_shortcode_after_footer_widgets":"","ocean_shortcode_before_footer_bottom":"","ocean_shortcode_after_footer_bottom":"","ocean_display_top_bar":"default","ocean_display_header":"default","ocean_header_style":"","ocean_center_header_left_menu":"","ocean_custom_header_template":"","ocean_custom_logo":0,"ocean_custom_retina_logo":0,"ocean_custom_logo_max_width":0,"ocean_custom_logo_tablet_max_width":0,"ocean_custom_logo_mobile_max_width":0,"ocean_custom_logo_max_height":0,"ocean_custom_logo_tablet_max_height":0,"ocean_custom_logo_mobile_max_height":0,"ocean_header_custom_menu":"","ocean_menu_typo_font_family":"","ocean_menu_typo_font_subset":"","ocean_menu_typo_font_size":0,"ocean_menu_typo_font_size_tablet":0,"ocean_menu_typo_font_size_mobile":0,"ocean_menu_typo_font_size_unit":"px","ocean_menu_typo_font_weight":"","ocean_menu_typo_font_weight_tablet":"","ocean_menu_typo_font_weight_mobile":"","ocean_menu_typo_transform":"","ocean_menu_typo_transform_tablet":"","ocean_menu_typo_transform_mobile":"","ocean_menu_typo_line_height":0,"ocean_menu_typo_line_height_tablet":0,"ocean_menu_typo_line_height_mobile":0,"ocean_menu_typo_line_height_unit":"","ocean_menu_typo_spacing":0,"ocean_menu_typo_spacing_tablet":0,"ocean_menu_typo_spacing_mobile":0,"ocean_menu_typo_spacing_unit":"","ocean_menu_link_color":"","ocean_menu_link_color_hover":"","ocean_menu_link_color_active":"","ocean_menu_link_background":"","ocean_menu_link_hover_background":"","ocean_menu_link_active_background":"","ocean_menu_social_links_bg":"","ocean_menu_social_hover_links_bg":"","ocean_menu_social_links_color":"","ocean_menu_social_hover_links_color":"","ocean_disable_title":"default","ocean_disable_heading":"default","ocean_post_title":"","ocean_post_subheading":"","ocean_post_title_style":"","ocean_post_title_background_color":"","ocean_post_title_background":0,"ocean_post_title_bg_image_position":"","ocean_post_title_bg_image_attachment":"","ocean_post_title_bg_image_repeat":"","ocean_post_title_bg_image_size":"","ocean_post_title_height":0,"ocean_post_title_bg_overlay":0.5,"ocean_post_title_bg_overlay_color":"","ocean_disable_breadcrumbs":"default","ocean_breadcrumbs_color":"","ocean_breadcrumbs_separator_color":"","ocean_breadcrumbs_links_color":"","ocean_breadcrumbs_links_hover_color":"","ocean_display_footer_widgets":"default","ocean_display_footer_bottom":"default","ocean_custom_footer_template":"","footnotes":""},"class_list":["post-5272","page","type-page","status-publish","hentry","entry"],"acf":[],"yoast_head":"<!-- This site is optimized with the Yoast SEO plugin v27.3 - https:\/\/yoast.com\/product\/yoast-seo-wordpress\/ -->\n<title>Cairanne Red and White Wine from the Rh\u00f4ne Valley - Pierre Amadieu<\/title>\n<meta name=\"robots\" content=\"index, follow, max-snippet:-1, max-image-preview:large, max-video-preview:-1\" \/>\n<link rel=\"canonical\" href=\"https:\/\/www.pierre-amadieu.com\/en\/our-wines-from-gigondas-and-the-rhone-valley\/cairanne-red-and-white-wine-from-the-rhone-valley\/\" \/>\n<meta property=\"og:locale\" content=\"en_US\" \/>\n<meta property=\"og:type\" content=\"article\" \/>\n<meta property=\"og:title\" content=\"Cairanne Red and White Wine from the Rh\u00f4ne Valley - Pierre Amadieu\" \/>\n<meta property=\"og:description\" content=\"Cairanne Appellation,Cru of the C\u00f4tes du Rh\u00f4ne Leaning to the south of a hillside massif that separates the Valleys of Aygues and Ouv\u00e8ze, the appellation extends only on the village of Cairanne in the northwest of the Vaucluse department. Terroir The 846 hectares are divided into three main areas, each of which contributes to the [&hellip;]\" \/>\n<meta property=\"og:url\" content=\"https:\/\/www.pierre-amadieu.com\/en\/our-wines-from-gigondas-and-the-rhone-valley\/cairanne-red-and-white-wine-from-the-rhone-valley\/\" \/>\n<meta property=\"og:site_name\" content=\"Pierre Amadieu\" \/>\n<meta property=\"article:publisher\" content=\"https:\/\/www.facebook.com\/amadieu.pierre\" \/>\n<meta property=\"article:modified_time\" content=\"2021-09-13T10:26:57+00:00\" \/>\n<meta property=\"og:image\" content=\"https:\/\/www.pierre-amadieu.com\/wp-content\/uploads\/2019\/04\/coupe-terroir-Cairanne-1024x768.png\" \/>\n<meta name=\"twitter:card\" content=\"summary_large_image\" \/>\n<meta name=\"twitter:label1\" content=\"Est. reading time\" \/>\n\t<meta name=\"twitter:data1\" content=\"3 minutes\" \/>\n<script type=\"application\/ld+json\" class=\"yoast-schema-graph\">{\"@context\":\"https:\\\/\\\/schema.org\",\"@graph\":[{\"@type\":\"WebPage\",\"@id\":\"https:\\\/\\\/www.pierre-amadieu.com\\\/en\\\/our-wines-from-gigondas-and-the-rhone-valley\\\/cairanne-red-and-white-wine-from-the-rhone-valley\\\/\",\"url\":\"https:\\\/\\\/www.pierre-amadieu.com\\\/en\\\/our-wines-from-gigondas-and-the-rhone-valley\\\/cairanne-red-and-white-wine-from-the-rhone-valley\\\/\",\"name\":\"Cairanne Red and White Wine from the Rh\u00f4ne Valley - Pierre Amadieu\",\"isPartOf\":{\"@id\":\"https:\\\/\\\/www.pierre-amadieu.com\\\/en\\\/#website\"},\"primaryImageOfPage\":{\"@id\":\"https:\\\/\\\/www.pierre-amadieu.com\\\/en\\\/our-wines-from-gigondas-and-the-rhone-valley\\\/cairanne-red-and-white-wine-from-the-rhone-valley\\\/#primaryimage\"},\"image\":{\"@id\":\"https:\\\/\\\/www.pierre-amadieu.com\\\/en\\\/our-wines-from-gigondas-and-the-rhone-valley\\\/cairanne-red-and-white-wine-from-the-rhone-valley\\\/#primaryimage\"},\"thumbnailUrl\":\"https:\\\/\\\/www.pierre-amadieu.com\\\/wp-content\\\/uploads\\\/2019\\\/04\\\/coupe-terroir-Cairanne-1024x768.png\",\"datePublished\":\"2019-12-12T14:58:25+00:00\",\"dateModified\":\"2021-09-13T10:26:57+00:00\",\"breadcrumb\":{\"@id\":\"https:\\\/\\\/www.pierre-amadieu.com\\\/en\\\/our-wines-from-gigondas-and-the-rhone-valley\\\/cairanne-red-and-white-wine-from-the-rhone-valley\\\/#breadcrumb\"},\"inLanguage\":\"en-US\",\"potentialAction\":[{\"@type\":\"ReadAction\",\"target\":[\"https:\\\/\\\/www.pierre-amadieu.com\\\/en\\\/our-wines-from-gigondas-and-the-rhone-valley\\\/cairanne-red-and-white-wine-from-the-rhone-valley\\\/\"]}]},{\"@type\":\"ImageObject\",\"inLanguage\":\"en-US\",\"@id\":\"https:\\\/\\\/www.pierre-amadieu.com\\\/en\\\/our-wines-from-gigondas-and-the-rhone-valley\\\/cairanne-red-and-white-wine-from-the-rhone-valley\\\/#primaryimage\",\"url\":\"https:\\\/\\\/www.pierre-amadieu.com\\\/wp-content\\\/uploads\\\/2019\\\/04\\\/coupe-terroir-Cairanne-1024x768.png\",\"contentUrl\":\"https:\\\/\\\/www.pierre-amadieu.com\\\/wp-content\\\/uploads\\\/2019\\\/04\\\/coupe-terroir-Cairanne-1024x768.png\"},{\"@type\":\"BreadcrumbList\",\"@id\":\"https:\\\/\\\/www.pierre-amadieu.com\\\/en\\\/our-wines-from-gigondas-and-the-rhone-valley\\\/cairanne-red-and-white-wine-from-the-rhone-valley\\\/#breadcrumb\",\"itemListElement\":[{\"@type\":\"ListItem\",\"position\":1,\"name\":\"Accueil\",\"item\":\"https:\\\/\\\/www.pierre-amadieu.com\\\/en\\\/\"},{\"@type\":\"ListItem\",\"position\":2,\"name\":\"Our Wines\",\"item\":\"https:\\\/\\\/www.pierre-amadieu.com\\\/en\\\/our-wines-from-gigondas-and-the-rhone-valley\\\/\"},{\"@type\":\"ListItem\",\"position\":3,\"name\":\"Cairanne\"}]},{\"@type\":\"WebSite\",\"@id\":\"https:\\\/\\\/www.pierre-amadieu.com\\\/en\\\/#website\",\"url\":\"https:\\\/\\\/www.pierre-amadieu.com\\\/en\\\/\",\"name\":\"Pierre Amadieu\",\"description\":\"\",\"publisher\":{\"@id\":\"https:\\\/\\\/www.pierre-amadieu.com\\\/en\\\/#organization\"},\"potentialAction\":[{\"@type\":\"SearchAction\",\"target\":{\"@type\":\"EntryPoint\",\"urlTemplate\":\"https:\\\/\\\/www.pierre-amadieu.com\\\/en\\\/?s={search_term_string}\"},\"query-input\":{\"@type\":\"PropertyValueSpecification\",\"valueRequired\":true,\"valueName\":\"search_term_string\"}}],\"inLanguage\":\"en-US\"},{\"@type\":\"Organization\",\"@id\":\"https:\\\/\\\/www.pierre-amadieu.com\\\/en\\\/#organization\",\"name\":\"Pierre Amadieu\",\"url\":\"https:\\\/\\\/www.pierre-amadieu.com\\\/en\\\/\",\"logo\":{\"@type\":\"ImageObject\",\"inLanguage\":\"en-US\",\"@id\":\"https:\\\/\\\/www.pierre-amadieu.com\\\/en\\\/#\\\/schema\\\/logo\\\/image\\\/\",\"url\":\"https:\\\/\\\/www.pierre-amadieu.com\\\/wp-content\\\/uploads\\\/2018\\\/11\\\/logo-1.png\",\"contentUrl\":\"https:\\\/\\\/www.pierre-amadieu.com\\\/wp-content\\\/uploads\\\/2018\\\/11\\\/logo-1.png\",\"width\":282,\"height\":159,\"caption\":\"Pierre Amadieu\"},\"image\":{\"@id\":\"https:\\\/\\\/www.pierre-amadieu.com\\\/en\\\/#\\\/schema\\\/logo\\\/image\\\/\"},\"sameAs\":[\"https:\\\/\\\/www.facebook.com\\\/amadieu.pierre\",\"https:\\\/\\\/www.instagram.com\\\/pierreamadieu\\\/\",\"https:\\\/\\\/www.youtube.com\\\/channel\\\/UCrBhG6i2S7WZ9aUTsaFINow\"]}]}<\/script>\n<!-- \/ Yoast SEO plugin. -->","yoast_head_json":{"title":"Cairanne Red and White Wine from the Rh\u00f4ne Valley - Pierre Amadieu","robots":{"index":"index","follow":"follow","max-snippet":"max-snippet:-1","max-image-preview":"max-image-preview:large","max-video-preview":"max-video-preview:-1"},"canonical":"https:\/\/www.pierre-amadieu.com\/en\/our-wines-from-gigondas-and-the-rhone-valley\/cairanne-red-and-white-wine-from-the-rhone-valley\/","og_locale":"en_US","og_type":"article","og_title":"Cairanne Red and White Wine from the Rh\u00f4ne Valley - Pierre Amadieu","og_description":"Cairanne Appellation,Cru of the C\u00f4tes du Rh\u00f4ne Leaning to the south of a hillside massif that separates the Valleys of Aygues and Ouv\u00e8ze, the appellation extends only on the village of Cairanne in the northwest of the Vaucluse department. Terroir The 846 hectares are divided into three main areas, each of which contributes to the [&hellip;]","og_url":"https:\/\/www.pierre-amadieu.com\/en\/our-wines-from-gigondas-and-the-rhone-valley\/cairanne-red-and-white-wine-from-the-rhone-valley\/","og_site_name":"Pierre Amadieu","article_publisher":"https:\/\/www.facebook.com\/amadieu.pierre","article_modified_time":"2021-09-13T10:26:57+00:00","og_image":[{"url":"https:\/\/www.pierre-amadieu.com\/wp-content\/uploads\/2019\/04\/coupe-terroir-Cairanne-1024x768.png","type":"","width":"","height":""}],"twitter_card":"summary_large_image","twitter_misc":{"Est. reading time":"3 minutes"},"schema":{"@context":"https:\/\/schema.org","@graph":[{"@type":"WebPage","@id":"https:\/\/www.pierre-amadieu.com\/en\/our-wines-from-gigondas-and-the-rhone-valley\/cairanne-red-and-white-wine-from-the-rhone-valley\/","url":"https:\/\/www.pierre-amadieu.com\/en\/our-wines-from-gigondas-and-the-rhone-valley\/cairanne-red-and-white-wine-from-the-rhone-valley\/","name":"Cairanne Red and White Wine from the Rh\u00f4ne Valley - Pierre Amadieu","isPartOf":{"@id":"https:\/\/www.pierre-amadieu.com\/en\/#website"},"primaryImageOfPage":{"@id":"https:\/\/www.pierre-amadieu.com\/en\/our-wines-from-gigondas-and-the-rhone-valley\/cairanne-red-and-white-wine-from-the-rhone-valley\/#primaryimage"},"image":{"@id":"https:\/\/www.pierre-amadieu.com\/en\/our-wines-from-gigondas-and-the-rhone-valley\/cairanne-red-and-white-wine-from-the-rhone-valley\/#primaryimage"},"thumbnailUrl":"https:\/\/www.pierre-amadieu.com\/wp-content\/uploads\/2019\/04\/coupe-terroir-Cairanne-1024x768.png","datePublished":"2019-12-12T14:58:25+00:00","dateModified":"2021-09-13T10:26:57+00:00","breadcrumb":{"@id":"https:\/\/www.pierre-amadieu.com\/en\/our-wines-from-gigondas-and-the-rhone-valley\/cairanne-red-and-white-wine-from-the-rhone-valley\/#breadcrumb"},"inLanguage":"en-US","potentialAction":[{"@type":"ReadAction","target":["https:\/\/www.pierre-amadieu.com\/en\/our-wines-from-gigondas-and-the-rhone-valley\/cairanne-red-and-white-wine-from-the-rhone-valley\/"]}]},{"@type":"ImageObject","inLanguage":"en-US","@id":"https:\/\/www.pierre-amadieu.com\/en\/our-wines-from-gigondas-and-the-rhone-valley\/cairanne-red-and-white-wine-from-the-rhone-valley\/#primaryimage","url":"https:\/\/www.pierre-amadieu.com\/wp-content\/uploads\/2019\/04\/coupe-terroir-Cairanne-1024x768.png","contentUrl":"https:\/\/www.pierre-amadieu.com\/wp-content\/uploads\/2019\/04\/coupe-terroir-Cairanne-1024x768.png"},{"@type":"BreadcrumbList","@id":"https:\/\/www.pierre-amadieu.com\/en\/our-wines-from-gigondas-and-the-rhone-valley\/cairanne-red-and-white-wine-from-the-rhone-valley\/#breadcrumb","itemListElement":[{"@type":"ListItem","position":1,"name":"Accueil","item":"https:\/\/www.pierre-amadieu.com\/en\/"},{"@type":"ListItem","position":2,"name":"Our Wines","item":"https:\/\/www.pierre-amadieu.com\/en\/our-wines-from-gigondas-and-the-rhone-valley\/"},{"@type":"ListItem","position":3,"name":"Cairanne"}]},{"@type":"WebSite","@id":"https:\/\/www.pierre-amadieu.com\/en\/#website","url":"https:\/\/www.pierre-amadieu.com\/en\/","name":"Pierre Amadieu","description":"","publisher":{"@id":"https:\/\/www.pierre-amadieu.com\/en\/#organization"},"potentialAction":[{"@type":"SearchAction","target":{"@type":"EntryPoint","urlTemplate":"https:\/\/www.pierre-amadieu.com\/en\/?s={search_term_string}"},"query-input":{"@type":"PropertyValueSpecification","valueRequired":true,"valueName":"search_term_string"}}],"inLanguage":"en-US"},{"@type":"Organization","@id":"https:\/\/www.pierre-amadieu.com\/en\/#organization","name":"Pierre Amadieu","url":"https:\/\/www.pierre-amadieu.com\/en\/","logo":{"@type":"ImageObject","inLanguage":"en-US","@id":"https:\/\/www.pierre-amadieu.com\/en\/#\/schema\/logo\/image\/","url":"https:\/\/www.pierre-amadieu.com\/wp-content\/uploads\/2018\/11\/logo-1.png","contentUrl":"https:\/\/www.pierre-amadieu.com\/wp-content\/uploads\/2018\/11\/logo-1.png","width":282,"height":159,"caption":"Pierre Amadieu"},"image":{"@id":"https:\/\/www.pierre-amadieu.com\/en\/#\/schema\/logo\/image\/"},"sameAs":["https:\/\/www.facebook.com\/amadieu.pierre","https:\/\/www.instagram.com\/pierreamadieu\/","https:\/\/www.youtube.com\/channel\/UCrBhG6i2S7WZ9aUTsaFINow"]}]}},"_links":{"self":[{"href":"https:\/\/www.pierre-amadieu.com\/en\/wp-json\/wp\/v2\/pages\/5272","targetHints":{"allow":["GET"]}}],"collection":[{"href":"https:\/\/www.pierre-amadieu.com\/en\/wp-json\/wp\/v2\/pages"}],"about":[{"href":"https:\/\/www.pierre-amadieu.com\/en\/wp-json\/wp\/v2\/types\/page"}],"author":[{"embeddable":true,"href":"https:\/\/www.pierre-amadieu.com\/en\/wp-json\/wp\/v2\/users\/5"}],"replies":[{"embeddable":true,"href":"https:\/\/www.pierre-amadieu.com\/en\/wp-json\/wp\/v2\/comments?post=5272"}],"version-history":[{"count":5,"href":"https:\/\/www.pierre-amadieu.com\/en\/wp-json\/wp\/v2\/pages\/5272\/revisions"}],"predecessor-version":[{"id":9068,"href":"https:\/\/www.pierre-amadieu.com\/en\/wp-json\/wp\/v2\/pages\/5272\/revisions\/9068"}],"up":[{"embeddable":true,"href":"https:\/\/www.pierre-amadieu.com\/en\/wp-json\/wp\/v2\/pages\/2135"}],"wp:attachment":[{"href":"https:\/\/www.pierre-amadieu.com\/en\/wp-json\/wp\/v2\/media?parent=5272"}],"curies":[{"name":"wp","href":"https:\/\/api.w.org\/{rel}","templated":true}]}}