{"id":5284,"date":"2019-12-12T16:18:29","date_gmt":"2019-12-12T15:18:29","guid":{"rendered":"https:\/\/www.pierre-amadieu.com\/our-wines\/tavel\/"},"modified":"2019-12-18T16:16:02","modified_gmt":"2019-12-18T15:16:02","slug":"tavel-rose-wine-from-the-rhone-valley","status":"publish","type":"page","link":"https:\/\/www.pierre-amadieu.com\/en\/our-wines-from-gigondas-and-the-rhone-valley\/tavel-rose-wine-from-the-rhone-valley\/","title":{"rendered":"Tavel"},"content":{"rendered":"\t\t<div data-elementor-type=\"wp-post\" data-elementor-id=\"5284\" class=\"elementor elementor-5284 elementor-1882\" data-elementor-post-type=\"page\">\n\t\t\t\t\t\t<section class=\"elementor-section elementor-top-section elementor-element elementor-element-78f4ee97 elementor-section-boxed elementor-section-height-default elementor-section-height-default\" data-id=\"78f4ee97\" data-element_type=\"section\" data-e-type=\"section\">\n\t\t\t\t\t\t<div class=\"elementor-container elementor-column-gap-default\">\n\t\t\t\t\t<div class=\"elementor-column elementor-col-50 elementor-top-column elementor-element elementor-element-415c2ba2\" data-id=\"415c2ba2\" data-element_type=\"column\" data-e-type=\"column\">\n\t\t\t<div class=\"elementor-widget-wrap elementor-element-populated\">\n\t\t\t\t\t\t<div class=\"elementor-element elementor-element-31d1c676 elementor-widget elementor-widget-heading\" data-id=\"31d1c676\" data-element_type=\"widget\" data-e-type=\"widget\" data-widget_type=\"heading.default\">\n\t\t\t\t<div class=\"elementor-widget-container\">\n\t\t\t\t\t<h1 class=\"elementor-heading-title elementor-size-default\">Tavel Appellation, <br>Cru of the C\u00f4tes du Rh\u00f4ne<\/h1>\t\t\t\t<\/div>\n\t\t\t\t<\/div>\n\t\t\t\t<div class=\"elementor-element elementor-element-76c4c3d0 elementor-widget-divider--view-line elementor-widget elementor-widget-divider\" data-id=\"76c4c3d0\" data-element_type=\"widget\" data-e-type=\"widget\" data-widget_type=\"divider.default\">\n\t\t\t\t<div class=\"elementor-widget-container\">\n\t\t\t\t\t\t\t<div class=\"elementor-divider\">\n\t\t\t<span class=\"elementor-divider-separator\">\n\t\t\t\t\t\t<\/span>\n\t\t<\/div>\n\t\t\t\t\t\t<\/div>\n\t\t\t\t<\/div>\n\t\t\t\t<div class=\"elementor-element elementor-element-a68a5ef elementor-widget elementor-widget-heading\" data-id=\"a68a5ef\" data-element_type=\"widget\" data-e-type=\"widget\" data-widget_type=\"heading.default\">\n\t\t\t\t<div class=\"elementor-widget-container\">\n\t\t\t\t\t<h2 class=\"elementor-heading-title elementor-size-default\">Tavel Appellation, first ros\u00e9 wine of France !<\/h2>\t\t\t\t<\/div>\n\t\t\t\t<\/div>\n\t\t\t\t<div class=\"elementor-element elementor-element-314471d elementor-view-default elementor-widget elementor-widget-icon\" data-id=\"314471d\" data-element_type=\"widget\" data-e-type=\"widget\" data-widget_type=\"icon.default\">\n\t\t\t\t<div class=\"elementor-widget-container\">\n\t\t\t\t\t\t\t<div class=\"elementor-icon-wrapper\">\n\t\t\t<a class=\"elementor-icon\" href=\"#histoiretavel\">\n\t\t\t\t\t\t\t<i class=\"fa fa-angle-double-down\" aria-hidden=\"true\"><\/i>\n\t\t\t\t\t\t<\/a>\n\t\t<\/div>\n\t\t\t\t\t\t<\/div>\n\t\t\t\t<\/div>\n\t\t\t\t\t<\/div>\n\t\t<\/div>\n\t\t\t\t<div class=\"elementor-column elementor-col-50 elementor-top-column elementor-element elementor-element-ac19562\" data-id=\"ac19562\" data-element_type=\"column\" data-e-type=\"column\">\n\t\t\t<div class=\"elementor-widget-wrap elementor-element-populated\">\n\t\t\t\t\t\t<div class=\"elementor-element elementor-element-4e20a7cf elementor-widget elementor-widget-shortcode\" data-id=\"4e20a7cf\" data-element_type=\"widget\" data-e-type=\"widget\" data-widget_type=\"shortcode.default\">\n\t\t\t\t<div class=\"elementor-widget-container\">\n\t\t\t\t\t\t\t<div class=\"elementor-shortcode\">\n\t\t<div class=\"listingVins\">\n\t\t\t<a href=\"https:\/\/www.pierre-amadieu.com\/en\/produit\/tavel-la-graviniere-rose\/\" class=\"blocVin\">\n\t\t\t\t<img decoding=\"async\" class=\"img-responsive\" alt=\"La Gravini\u00c3\u00a8re ros\u00c3\u00a9\" src=\"https:\/\/www.pierre-amadieu.com\/wp-content\/uploads\/2018\/12\/Tavel-detoure.png\" \/>\n\t\t\t\t<h3>Tavel\n\t\t\t\t<div class=\"couleurVin\">\n\t\t\t\t\tRos\u00e9\n\t\t\t\t<\/div>\n\t\t\t\t<div class=\"appellation\">\n\t\t\t\t\tLa Gravini\u00e8re\n\t\t\t\t<\/div><\/h3>\n\t\t\t<\/a>\n\t\t\n\t\t<\/div>\n\t<\/div>\n\t\t\t\t\t\t<\/div>\n\t\t\t\t<\/div>\n\t\t\t\t\t<\/div>\n\t\t<\/div>\n\t\t\t\t\t<\/div>\n\t\t<\/section>\n\t\t\t\t<section class=\"elementor-section elementor-top-section elementor-element elementor-element-f310d27 elementor-section-boxed elementor-section-height-default elementor-section-height-default\" data-id=\"f310d27\" data-element_type=\"section\" data-e-type=\"section\">\n\t\t\t\t\t\t<div class=\"elementor-container elementor-column-gap-default\">\n\t\t\t\t\t<div class=\"elementor-column elementor-col-100 elementor-top-column elementor-element elementor-element-63e945c\" data-id=\"63e945c\" data-element_type=\"column\" data-e-type=\"column\">\n\t\t\t<div class=\"elementor-widget-wrap elementor-element-populated\">\n\t\t\t\t\t\t<div class=\"elementor-element elementor-element-ae71b4e elementor-widget elementor-widget-menu-anchor\" data-id=\"ae71b4e\" data-element_type=\"widget\" data-e-type=\"widget\" data-widget_type=\"menu-anchor.default\">\n\t\t\t\t<div class=\"elementor-widget-container\">\n\t\t\t\t\t\t\t<div class=\"elementor-menu-anchor\" id=\"histoiretavel\"><\/div>\n\t\t\t\t\t\t<\/div>\n\t\t\t\t<\/div>\n\t\t\t\t\t<\/div>\n\t\t<\/div>\n\t\t\t\t\t<\/div>\n\t\t<\/section>\n\t\t\t\t<section class=\"elementor-section elementor-top-section elementor-element elementor-element-b1c59f6 elementor-reverse-mobile elementor-section-boxed elementor-section-height-default elementor-section-height-default\" data-id=\"b1c59f6\" data-element_type=\"section\" data-e-type=\"section\">\n\t\t\t\t\t\t<div class=\"elementor-container elementor-column-gap-default\">\n\t\t\t\t\t<div class=\"elementor-column elementor-col-50 elementor-top-column elementor-element elementor-element-2833d9a\" data-id=\"2833d9a\" data-element_type=\"column\" data-e-type=\"column\">\n\t\t\t<div class=\"elementor-widget-wrap elementor-element-populated\">\n\t\t\t\t\t\t<div class=\"elementor-element elementor-element-2681445 elementor-widget elementor-widget-image\" data-id=\"2681445\" data-element_type=\"widget\" data-e-type=\"widget\" data-widget_type=\"image.default\">\n\t\t\t\t<div class=\"elementor-widget-container\">\n\t\t\t\t\t\t\t\t\t\t\t\t\t\t\t<img fetchpriority=\"high\" decoding=\"async\" width=\"300\" height=\"300\" src=\"https:\/\/www.pierre-amadieu.com\/wp-content\/uploads\/2019\/04\/logo-tavel-300x300.png\" class=\"attachment-medium size-medium wp-image-3412\" alt=\"logo-tavel\" srcset=\"https:\/\/www.pierre-amadieu.com\/wp-content\/uploads\/2019\/04\/logo-tavel-300x300.png 300w, https:\/\/www.pierre-amadieu.com\/wp-content\/uploads\/2019\/04\/logo-tavel-150x150.png 150w, https:\/\/www.pierre-amadieu.com\/wp-content\/uploads\/2019\/04\/logo-tavel-768x768.png 768w, https:\/\/www.pierre-amadieu.com\/wp-content\/uploads\/2019\/04\/logo-tavel.png 1000w\" sizes=\"(max-width: 300px) 100vw, 300px\" \/>\t\t\t\t\t\t\t\t\t\t\t\t\t\t\t<\/div>\n\t\t\t\t<\/div>\n\t\t\t\t\t<\/div>\n\t\t<\/div>\n\t\t\t\t<div class=\"elementor-column elementor-col-50 elementor-top-column elementor-element elementor-element-5c9fdc5b\" data-id=\"5c9fdc5b\" data-element_type=\"column\" data-e-type=\"column\">\n\t\t\t<div class=\"elementor-widget-wrap elementor-element-populated\">\n\t\t\t\t\t\t<div class=\"elementor-element elementor-element-74f5e3cb elementor-widget elementor-widget-heading\" data-id=\"74f5e3cb\" data-element_type=\"widget\" data-e-type=\"widget\" data-widget_type=\"heading.default\">\n\t\t\t\t<div class=\"elementor-widget-container\">\n\t\t\t\t\t<h2 class=\"elementor-heading-title elementor-size-default\">History of the Tavel appellation<\/h2>\t\t\t\t<\/div>\n\t\t\t\t<\/div>\n\t\t\t\t<div class=\"elementor-element elementor-element-4cc9bc92 elementor-widget elementor-widget-text-editor\" data-id=\"4cc9bc92\" data-element_type=\"widget\" data-e-type=\"widget\" data-widget_type=\"text-editor.default\">\n\t\t\t\t<div class=\"elementor-widget-container\">\n\t\t\t\t\t\t\t\t\t<p>Vine cultivation in the region dates back to the 5th century BC. Established by the Greeks, the vineyard developed with the Romans. Located on an important communication axis between the oppidum of Roquemaure and N\u00eemes, Tavel was in an ideal position to develop.<\/p>\n<p>Since the 12th century, ros\u00e9 wine from Tavel is drunk in France. Famous names like Honor\u00e9 de Balzac, Philippe le Bel, Fran\u00e7ois 1er, Ronsard were used to drink this wine and contributed to its renown. Tavel&#8217;s nickname is &#8221; the first Ros\u00e9 of France &#8220;.<\/p>\n\t\t\t\t\t\t\t\t<\/div>\n\t\t\t\t<\/div>\n\t\t\t\t\t<\/div>\n\t\t<\/div>\n\t\t\t\t\t<\/div>\n\t\t<\/section>\n\t\t\t\t<section class=\"elementor-section elementor-top-section elementor-element elementor-element-97c1054 elementor-section-boxed elementor-section-height-default elementor-section-height-default\" data-id=\"97c1054\" data-element_type=\"section\" data-e-type=\"section\">\n\t\t\t\t\t\t<div class=\"elementor-container elementor-column-gap-default\">\n\t\t\t\t\t<div class=\"elementor-column elementor-col-100 elementor-top-column elementor-element elementor-element-64958d3\" data-id=\"64958d3\" data-element_type=\"column\" data-e-type=\"column\">\n\t\t\t<div class=\"elementor-widget-wrap elementor-element-populated\">\n\t\t\t\t\t\t<div class=\"elementor-element elementor-element-73d2c27f elementor-widget elementor-widget-heading\" data-id=\"73d2c27f\" data-element_type=\"widget\" data-e-type=\"widget\" data-widget_type=\"heading.default\">\n\t\t\t\t<div class=\"elementor-widget-container\">\n\t\t\t\t\t<h2 class=\"elementor-heading-title elementor-size-default\">The Controlled Appellation<\/h2>\t\t\t\t<\/div>\n\t\t\t\t<\/div>\n\t\t\t\t<div class=\"elementor-element elementor-element-66e345c9 elementor-widget elementor-widget-text-editor\" data-id=\"66e345c9\" data-element_type=\"widget\" data-e-type=\"widget\" data-widget_type=\"text-editor.default\">\n\t\t\t\t<div class=\"elementor-widget-container\">\n\t\t\t\t\t\t\t\t\t<p>The ros\u00e9 wine from Tavel is produced on a vineyard composed of less than 1000 hectares, the yields do not exceed 42 hectoliters per hectare. The contact between red skin and white flesh (Grenache, Syrah, Cinsault, Mourv\u00e8dre) gives outstanding results. Only ros\u00e9s are labelled Controlled Appellation Tavel, the red are produced under the Appellation C\u00f4tes du Rh\u00f4ne Village.<br \/>\nPredominant aromas of Tavel are complex, red and white fruits with flowery notes. As it gets older, these fruity aromas becomes well-rounded, with spicy fragrances and the colour becomes amber. Ros\u00e9 from Tavel are the perfect companions for spicy entr\u00e9es and for poultry, white meat with creamy sauce.<\/p>\n\t\t\t\t\t\t\t\t<\/div>\n\t\t\t\t<\/div>\n\t\t\t\t\t<\/div>\n\t\t<\/div>\n\t\t\t\t\t<\/div>\n\t\t<\/section>\n\t\t\t\t<section class=\"elementor-section elementor-top-section elementor-element elementor-element-6b2c3494 elementor-reverse-tablet elementor-reverse-mobile elementor-section-boxed elementor-section-height-default elementor-section-height-default\" data-id=\"6b2c3494\" data-element_type=\"section\" data-e-type=\"section\">\n\t\t\t\t\t\t<div class=\"elementor-container elementor-column-gap-default\">\n\t\t\t\t\t<div class=\"elementor-column elementor-col-50 elementor-top-column elementor-element elementor-element-63956f9\" data-id=\"63956f9\" data-element_type=\"column\" data-e-type=\"column\">\n\t\t\t<div class=\"elementor-widget-wrap elementor-element-populated\">\n\t\t\t\t\t\t<div class=\"elementor-element elementor-element-7c7be10 elementor-widget elementor-widget-heading\" data-id=\"7c7be10\" data-element_type=\"widget\" data-e-type=\"widget\" data-widget_type=\"heading.default\">\n\t\t\t\t<div class=\"elementor-widget-container\">\n\t\t\t\t\t<h2 class=\"elementor-heading-title elementor-size-default\">Terroir<\/h2>\t\t\t\t<\/div>\n\t\t\t\t<\/div>\n\t\t\t\t<div class=\"elementor-element elementor-element-49342fe elementor-widget elementor-widget-text-editor\" data-id=\"49342fe\" data-element_type=\"widget\" data-e-type=\"widget\" data-widget_type=\"text-editor.default\">\n\t\t\t\t<div class=\"elementor-widget-container\">\n\t\t\t\t\t\t\t\t\t<p>The Tavel vineyard is located in the southern C\u00f4tes du Rh\u00f4ne, on the right bank of the river, in the Gard department. Made up of a happy mixture of hillsides and old alluvial terraces of the Rh\u00f4ne, it is always well sunny. The vineyard is located on three types of calcareous geological formations, light and filtering: fluvial sands and rolled pebbles; calcareous stones and red clay; red clay and quartz pebbles.<\/p>\n<p>The dominant aromas of Tavel are complex: red and white fruit notes are combined with floral notes. Over time, these fruity aromas evolve towards softer notes, with hints of spices and stone fruits, while the colour becomes iridescent with amber reflections. The ros\u00e9 Tavel is a cru in every sense of the word and has its place on the menu, with sought-after dishes. It is perfect with spicy starters and creamy sauces with shellfish, poultry and white meats.<\/p>\n\t\t\t\t\t\t\t\t<\/div>\n\t\t\t\t<\/div>\n\t\t\t\t\t<\/div>\n\t\t<\/div>\n\t\t\t\t<div class=\"elementor-column elementor-col-50 elementor-top-column elementor-element elementor-element-2e7543a\" data-id=\"2e7543a\" data-element_type=\"column\" data-e-type=\"column\">\n\t\t\t<div class=\"elementor-widget-wrap elementor-element-populated\">\n\t\t\t\t\t\t<div class=\"elementor-element elementor-element-58f264c elementor-hidden-tablet elementor-hidden-phone elementor-widget elementor-widget-spacer\" data-id=\"58f264c\" data-element_type=\"widget\" data-e-type=\"widget\" data-widget_type=\"spacer.default\">\n\t\t\t\t<div class=\"elementor-widget-container\">\n\t\t\t\t\t\t\t<div class=\"elementor-spacer\">\n\t\t\t<div class=\"elementor-spacer-inner\"><\/div>\n\t\t<\/div>\n\t\t\t\t\t\t<\/div>\n\t\t\t\t<\/div>\n\t\t\t\t<div class=\"elementor-element elementor-element-585dbb6 elementor-widget elementor-widget-image\" data-id=\"585dbb6\" data-element_type=\"widget\" data-e-type=\"widget\" data-widget_type=\"image.default\">\n\t\t\t\t<div class=\"elementor-widget-container\">\n\t\t\t\t\t\t\t\t\t\t\t\t\t\t\t<img decoding=\"async\" width=\"300\" height=\"300\" src=\"https:\/\/www.pierre-amadieu.com\/wp-content\/uploads\/2019\/04\/tavel-300x300.jpg\" class=\"attachment-medium size-medium wp-image-3409\" alt=\"tavel amadieu pairing\" srcset=\"https:\/\/www.pierre-amadieu.com\/wp-content\/uploads\/2019\/04\/tavel-300x300.jpg 300w, https:\/\/www.pierre-amadieu.com\/wp-content\/uploads\/2019\/04\/tavel-150x150.jpg 150w, https:\/\/www.pierre-amadieu.com\/wp-content\/uploads\/2019\/04\/tavel-768x768.jpg 768w, https:\/\/www.pierre-amadieu.com\/wp-content\/uploads\/2019\/04\/tavel.jpg 800w\" sizes=\"(max-width: 300px) 100vw, 300px\" \/>\t\t\t\t\t\t\t\t\t\t\t\t\t\t\t<\/div>\n\t\t\t\t<\/div>\n\t\t\t\t\t<\/div>\n\t\t<\/div>\n\t\t\t\t\t<\/div>\n\t\t<\/section>\n\t\t\t\t<\/div>\n\t\t","protected":false},"excerpt":{"rendered":"<p>Tavel Appellation, Cru of the C\u00f4tes du Rh\u00f4ne Tavel Appellation, first ros\u00e9 wine of France ! History of the Tavel appellation Vine cultivation in the region dates back to the 5th century BC. Established by the Greeks, the vineyard developed with the Romans. Located on an important communication axis between the oppidum of Roquemaure and [&hellip;]<\/p>\n","protected":false},"author":5,"featured_media":0,"parent":2135,"menu_order":0,"comment_status":"closed","ping_status":"closed","template":"","meta":{"_acf_changed":false,"ocean_post_layout":"","ocean_both_sidebars_style":"","ocean_both_sidebars_content_width":0,"ocean_both_sidebars_sidebars_width":0,"ocean_sidebar":"","ocean_second_sidebar":"","ocean_disable_margins":"enable","ocean_add_body_class":"","ocean_shortcode_before_top_bar":"","ocean_shortcode_after_top_bar":"","ocean_shortcode_before_header":"","ocean_shortcode_after_header":"","ocean_has_shortcode":"","ocean_shortcode_after_title":"","ocean_shortcode_before_footer_widgets":"","ocean_shortcode_after_footer_widgets":"","ocean_shortcode_before_footer_bottom":"","ocean_shortcode_after_footer_bottom":"","ocean_display_top_bar":"default","ocean_display_header":"default","ocean_header_style":"","ocean_center_header_left_menu":"","ocean_custom_header_template":"","ocean_custom_logo":0,"ocean_custom_retina_logo":0,"ocean_custom_logo_max_width":0,"ocean_custom_logo_tablet_max_width":0,"ocean_custom_logo_mobile_max_width":0,"ocean_custom_logo_max_height":0,"ocean_custom_logo_tablet_max_height":0,"ocean_custom_logo_mobile_max_height":0,"ocean_header_custom_menu":"","ocean_menu_typo_font_family":"","ocean_menu_typo_font_subset":"","ocean_menu_typo_font_size":0,"ocean_menu_typo_font_size_tablet":0,"ocean_menu_typo_font_size_mobile":0,"ocean_menu_typo_font_size_unit":"px","ocean_menu_typo_font_weight":"","ocean_menu_typo_font_weight_tablet":"","ocean_menu_typo_font_weight_mobile":"","ocean_menu_typo_transform":"","ocean_menu_typo_transform_tablet":"","ocean_menu_typo_transform_mobile":"","ocean_menu_typo_line_height":0,"ocean_menu_typo_line_height_tablet":0,"ocean_menu_typo_line_height_mobile":0,"ocean_menu_typo_line_height_unit":"","ocean_menu_typo_spacing":0,"ocean_menu_typo_spacing_tablet":0,"ocean_menu_typo_spacing_mobile":0,"ocean_menu_typo_spacing_unit":"","ocean_menu_link_color":"","ocean_menu_link_color_hover":"","ocean_menu_link_color_active":"","ocean_menu_link_background":"","ocean_menu_link_hover_background":"","ocean_menu_link_active_background":"","ocean_menu_social_links_bg":"","ocean_menu_social_hover_links_bg":"","ocean_menu_social_links_color":"","ocean_menu_social_hover_links_color":"","ocean_disable_title":"default","ocean_disable_heading":"default","ocean_post_title":"","ocean_post_subheading":"","ocean_post_title_style":"","ocean_post_title_background_color":"","ocean_post_title_background":0,"ocean_post_title_bg_image_position":"","ocean_post_title_bg_image_attachment":"","ocean_post_title_bg_image_repeat":"","ocean_post_title_bg_image_size":"","ocean_post_title_height":0,"ocean_post_title_bg_overlay":0.5,"ocean_post_title_bg_overlay_color":"","ocean_disable_breadcrumbs":"default","ocean_breadcrumbs_color":"","ocean_breadcrumbs_separator_color":"","ocean_breadcrumbs_links_color":"","ocean_breadcrumbs_links_hover_color":"","ocean_display_footer_widgets":"default","ocean_display_footer_bottom":"default","ocean_custom_footer_template":"","footnotes":""},"class_list":["post-5284","page","type-page","status-publish","hentry","entry"],"acf":[],"yoast_head":"<!-- This site is optimized with the Yoast SEO plugin v27.3 - https:\/\/yoast.com\/product\/yoast-seo-wordpress\/ -->\n<title>Tavel Ros\u00e9 Wine from the Rh\u00f4ne Valley - Pierre Amadieu<\/title>\n<meta name=\"robots\" content=\"index, follow, max-snippet:-1, max-image-preview:large, max-video-preview:-1\" \/>\n<link rel=\"canonical\" href=\"https:\/\/www.pierre-amadieu.com\/en\/our-wines-from-gigondas-and-the-rhone-valley\/tavel-rose-wine-from-the-rhone-valley\/\" \/>\n<meta property=\"og:locale\" content=\"en_US\" \/>\n<meta property=\"og:type\" content=\"article\" \/>\n<meta property=\"og:title\" content=\"Tavel Ros\u00e9 Wine from the Rh\u00f4ne Valley - Pierre Amadieu\" \/>\n<meta property=\"og:description\" content=\"Tavel Appellation, Cru of the C\u00f4tes du Rh\u00f4ne Tavel Appellation, first ros\u00e9 wine of France ! History of the Tavel appellation Vine cultivation in the region dates back to the 5th century BC. Established by the Greeks, the vineyard developed with the Romans. Located on an important communication axis between the oppidum of Roquemaure and [&hellip;]\" \/>\n<meta property=\"og:url\" content=\"https:\/\/www.pierre-amadieu.com\/en\/our-wines-from-gigondas-and-the-rhone-valley\/tavel-rose-wine-from-the-rhone-valley\/\" \/>\n<meta property=\"og:site_name\" content=\"Pierre Amadieu\" \/>\n<meta property=\"article:publisher\" content=\"https:\/\/www.facebook.com\/amadieu.pierre\" \/>\n<meta property=\"article:modified_time\" content=\"2019-12-18T15:16:02+00:00\" \/>\n<meta property=\"og:image\" content=\"https:\/\/www.pierre-amadieu.com\/wp-content\/uploads\/2019\/04\/logo-tavel-300x300.png\" \/>\n<meta name=\"twitter:card\" content=\"summary_large_image\" \/>\n<meta name=\"twitter:label1\" content=\"Est. reading time\" \/>\n\t<meta name=\"twitter:data1\" content=\"2 minutes\" \/>\n<script type=\"application\/ld+json\" class=\"yoast-schema-graph\">{\"@context\":\"https:\\\/\\\/schema.org\",\"@graph\":[{\"@type\":\"WebPage\",\"@id\":\"https:\\\/\\\/www.pierre-amadieu.com\\\/en\\\/our-wines-from-gigondas-and-the-rhone-valley\\\/tavel-rose-wine-from-the-rhone-valley\\\/\",\"url\":\"https:\\\/\\\/www.pierre-amadieu.com\\\/en\\\/our-wines-from-gigondas-and-the-rhone-valley\\\/tavel-rose-wine-from-the-rhone-valley\\\/\",\"name\":\"Tavel Ros\u00e9 Wine from the Rh\u00f4ne Valley - Pierre Amadieu\",\"isPartOf\":{\"@id\":\"https:\\\/\\\/www.pierre-amadieu.com\\\/en\\\/#website\"},\"primaryImageOfPage\":{\"@id\":\"https:\\\/\\\/www.pierre-amadieu.com\\\/en\\\/our-wines-from-gigondas-and-the-rhone-valley\\\/tavel-rose-wine-from-the-rhone-valley\\\/#primaryimage\"},\"image\":{\"@id\":\"https:\\\/\\\/www.pierre-amadieu.com\\\/en\\\/our-wines-from-gigondas-and-the-rhone-valley\\\/tavel-rose-wine-from-the-rhone-valley\\\/#primaryimage\"},\"thumbnailUrl\":\"https:\\\/\\\/www.pierre-amadieu.com\\\/wp-content\\\/uploads\\\/2019\\\/04\\\/logo-tavel-300x300.png\",\"datePublished\":\"2019-12-12T15:18:29+00:00\",\"dateModified\":\"2019-12-18T15:16:02+00:00\",\"breadcrumb\":{\"@id\":\"https:\\\/\\\/www.pierre-amadieu.com\\\/en\\\/our-wines-from-gigondas-and-the-rhone-valley\\\/tavel-rose-wine-from-the-rhone-valley\\\/#breadcrumb\"},\"inLanguage\":\"en-US\",\"potentialAction\":[{\"@type\":\"ReadAction\",\"target\":[\"https:\\\/\\\/www.pierre-amadieu.com\\\/en\\\/our-wines-from-gigondas-and-the-rhone-valley\\\/tavel-rose-wine-from-the-rhone-valley\\\/\"]}]},{\"@type\":\"ImageObject\",\"inLanguage\":\"en-US\",\"@id\":\"https:\\\/\\\/www.pierre-amadieu.com\\\/en\\\/our-wines-from-gigondas-and-the-rhone-valley\\\/tavel-rose-wine-from-the-rhone-valley\\\/#primaryimage\",\"url\":\"https:\\\/\\\/www.pierre-amadieu.com\\\/wp-content\\\/uploads\\\/2019\\\/04\\\/logo-tavel-300x300.png\",\"contentUrl\":\"https:\\\/\\\/www.pierre-amadieu.com\\\/wp-content\\\/uploads\\\/2019\\\/04\\\/logo-tavel-300x300.png\"},{\"@type\":\"BreadcrumbList\",\"@id\":\"https:\\\/\\\/www.pierre-amadieu.com\\\/en\\\/our-wines-from-gigondas-and-the-rhone-valley\\\/tavel-rose-wine-from-the-rhone-valley\\\/#breadcrumb\",\"itemListElement\":[{\"@type\":\"ListItem\",\"position\":1,\"name\":\"Accueil\",\"item\":\"https:\\\/\\\/www.pierre-amadieu.com\\\/en\\\/\"},{\"@type\":\"ListItem\",\"position\":2,\"name\":\"Our Wines\",\"item\":\"https:\\\/\\\/www.pierre-amadieu.com\\\/en\\\/our-wines-from-gigondas-and-the-rhone-valley\\\/\"},{\"@type\":\"ListItem\",\"position\":3,\"name\":\"Tavel\"}]},{\"@type\":\"WebSite\",\"@id\":\"https:\\\/\\\/www.pierre-amadieu.com\\\/en\\\/#website\",\"url\":\"https:\\\/\\\/www.pierre-amadieu.com\\\/en\\\/\",\"name\":\"Pierre Amadieu\",\"description\":\"\",\"publisher\":{\"@id\":\"https:\\\/\\\/www.pierre-amadieu.com\\\/en\\\/#organization\"},\"potentialAction\":[{\"@type\":\"SearchAction\",\"target\":{\"@type\":\"EntryPoint\",\"urlTemplate\":\"https:\\\/\\\/www.pierre-amadieu.com\\\/en\\\/?s={search_term_string}\"},\"query-input\":{\"@type\":\"PropertyValueSpecification\",\"valueRequired\":true,\"valueName\":\"search_term_string\"}}],\"inLanguage\":\"en-US\"},{\"@type\":\"Organization\",\"@id\":\"https:\\\/\\\/www.pierre-amadieu.com\\\/en\\\/#organization\",\"name\":\"Pierre Amadieu\",\"url\":\"https:\\\/\\\/www.pierre-amadieu.com\\\/en\\\/\",\"logo\":{\"@type\":\"ImageObject\",\"inLanguage\":\"en-US\",\"@id\":\"https:\\\/\\\/www.pierre-amadieu.com\\\/en\\\/#\\\/schema\\\/logo\\\/image\\\/\",\"url\":\"https:\\\/\\\/www.pierre-amadieu.com\\\/wp-content\\\/uploads\\\/2018\\\/11\\\/logo-1.png\",\"contentUrl\":\"https:\\\/\\\/www.pierre-amadieu.com\\\/wp-content\\\/uploads\\\/2018\\\/11\\\/logo-1.png\",\"width\":282,\"height\":159,\"caption\":\"Pierre Amadieu\"},\"image\":{\"@id\":\"https:\\\/\\\/www.pierre-amadieu.com\\\/en\\\/#\\\/schema\\\/logo\\\/image\\\/\"},\"sameAs\":[\"https:\\\/\\\/www.facebook.com\\\/amadieu.pierre\",\"https:\\\/\\\/www.instagram.com\\\/pierreamadieu\\\/\",\"https:\\\/\\\/www.youtube.com\\\/channel\\\/UCrBhG6i2S7WZ9aUTsaFINow\"]}]}<\/script>\n<!-- \/ Yoast SEO plugin. -->","yoast_head_json":{"title":"Tavel Ros\u00e9 Wine from the Rh\u00f4ne Valley - Pierre Amadieu","robots":{"index":"index","follow":"follow","max-snippet":"max-snippet:-1","max-image-preview":"max-image-preview:large","max-video-preview":"max-video-preview:-1"},"canonical":"https:\/\/www.pierre-amadieu.com\/en\/our-wines-from-gigondas-and-the-rhone-valley\/tavel-rose-wine-from-the-rhone-valley\/","og_locale":"en_US","og_type":"article","og_title":"Tavel Ros\u00e9 Wine from the Rh\u00f4ne Valley - Pierre Amadieu","og_description":"Tavel Appellation, Cru of the C\u00f4tes du Rh\u00f4ne Tavel Appellation, first ros\u00e9 wine of France ! History of the Tavel appellation Vine cultivation in the region dates back to the 5th century BC. Established by the Greeks, the vineyard developed with the Romans. Located on an important communication axis between the oppidum of Roquemaure and [&hellip;]","og_url":"https:\/\/www.pierre-amadieu.com\/en\/our-wines-from-gigondas-and-the-rhone-valley\/tavel-rose-wine-from-the-rhone-valley\/","og_site_name":"Pierre Amadieu","article_publisher":"https:\/\/www.facebook.com\/amadieu.pierre","article_modified_time":"2019-12-18T15:16:02+00:00","og_image":[{"url":"https:\/\/www.pierre-amadieu.com\/wp-content\/uploads\/2019\/04\/logo-tavel-300x300.png","type":"","width":"","height":""}],"twitter_card":"summary_large_image","twitter_misc":{"Est. reading time":"2 minutes"},"schema":{"@context":"https:\/\/schema.org","@graph":[{"@type":"WebPage","@id":"https:\/\/www.pierre-amadieu.com\/en\/our-wines-from-gigondas-and-the-rhone-valley\/tavel-rose-wine-from-the-rhone-valley\/","url":"https:\/\/www.pierre-amadieu.com\/en\/our-wines-from-gigondas-and-the-rhone-valley\/tavel-rose-wine-from-the-rhone-valley\/","name":"Tavel Ros\u00e9 Wine from the Rh\u00f4ne Valley - Pierre Amadieu","isPartOf":{"@id":"https:\/\/www.pierre-amadieu.com\/en\/#website"},"primaryImageOfPage":{"@id":"https:\/\/www.pierre-amadieu.com\/en\/our-wines-from-gigondas-and-the-rhone-valley\/tavel-rose-wine-from-the-rhone-valley\/#primaryimage"},"image":{"@id":"https:\/\/www.pierre-amadieu.com\/en\/our-wines-from-gigondas-and-the-rhone-valley\/tavel-rose-wine-from-the-rhone-valley\/#primaryimage"},"thumbnailUrl":"https:\/\/www.pierre-amadieu.com\/wp-content\/uploads\/2019\/04\/logo-tavel-300x300.png","datePublished":"2019-12-12T15:18:29+00:00","dateModified":"2019-12-18T15:16:02+00:00","breadcrumb":{"@id":"https:\/\/www.pierre-amadieu.com\/en\/our-wines-from-gigondas-and-the-rhone-valley\/tavel-rose-wine-from-the-rhone-valley\/#breadcrumb"},"inLanguage":"en-US","potentialAction":[{"@type":"ReadAction","target":["https:\/\/www.pierre-amadieu.com\/en\/our-wines-from-gigondas-and-the-rhone-valley\/tavel-rose-wine-from-the-rhone-valley\/"]}]},{"@type":"ImageObject","inLanguage":"en-US","@id":"https:\/\/www.pierre-amadieu.com\/en\/our-wines-from-gigondas-and-the-rhone-valley\/tavel-rose-wine-from-the-rhone-valley\/#primaryimage","url":"https:\/\/www.pierre-amadieu.com\/wp-content\/uploads\/2019\/04\/logo-tavel-300x300.png","contentUrl":"https:\/\/www.pierre-amadieu.com\/wp-content\/uploads\/2019\/04\/logo-tavel-300x300.png"},{"@type":"BreadcrumbList","@id":"https:\/\/www.pierre-amadieu.com\/en\/our-wines-from-gigondas-and-the-rhone-valley\/tavel-rose-wine-from-the-rhone-valley\/#breadcrumb","itemListElement":[{"@type":"ListItem","position":1,"name":"Accueil","item":"https:\/\/www.pierre-amadieu.com\/en\/"},{"@type":"ListItem","position":2,"name":"Our Wines","item":"https:\/\/www.pierre-amadieu.com\/en\/our-wines-from-gigondas-and-the-rhone-valley\/"},{"@type":"ListItem","position":3,"name":"Tavel"}]},{"@type":"WebSite","@id":"https:\/\/www.pierre-amadieu.com\/en\/#website","url":"https:\/\/www.pierre-amadieu.com\/en\/","name":"Pierre Amadieu","description":"","publisher":{"@id":"https:\/\/www.pierre-amadieu.com\/en\/#organization"},"potentialAction":[{"@type":"SearchAction","target":{"@type":"EntryPoint","urlTemplate":"https:\/\/www.pierre-amadieu.com\/en\/?s={search_term_string}"},"query-input":{"@type":"PropertyValueSpecification","valueRequired":true,"valueName":"search_term_string"}}],"inLanguage":"en-US"},{"@type":"Organization","@id":"https:\/\/www.pierre-amadieu.com\/en\/#organization","name":"Pierre Amadieu","url":"https:\/\/www.pierre-amadieu.com\/en\/","logo":{"@type":"ImageObject","inLanguage":"en-US","@id":"https:\/\/www.pierre-amadieu.com\/en\/#\/schema\/logo\/image\/","url":"https:\/\/www.pierre-amadieu.com\/wp-content\/uploads\/2018\/11\/logo-1.png","contentUrl":"https:\/\/www.pierre-amadieu.com\/wp-content\/uploads\/2018\/11\/logo-1.png","width":282,"height":159,"caption":"Pierre Amadieu"},"image":{"@id":"https:\/\/www.pierre-amadieu.com\/en\/#\/schema\/logo\/image\/"},"sameAs":["https:\/\/www.facebook.com\/amadieu.pierre","https:\/\/www.instagram.com\/pierreamadieu\/","https:\/\/www.youtube.com\/channel\/UCrBhG6i2S7WZ9aUTsaFINow"]}]}},"_links":{"self":[{"href":"https:\/\/www.pierre-amadieu.com\/en\/wp-json\/wp\/v2\/pages\/5284","targetHints":{"allow":["GET"]}}],"collection":[{"href":"https:\/\/www.pierre-amadieu.com\/en\/wp-json\/wp\/v2\/pages"}],"about":[{"href":"https:\/\/www.pierre-amadieu.com\/en\/wp-json\/wp\/v2\/types\/page"}],"author":[{"embeddable":true,"href":"https:\/\/www.pierre-amadieu.com\/en\/wp-json\/wp\/v2\/users\/5"}],"replies":[{"embeddable":true,"href":"https:\/\/www.pierre-amadieu.com\/en\/wp-json\/wp\/v2\/comments?post=5284"}],"version-history":[{"count":4,"href":"https:\/\/www.pierre-amadieu.com\/en\/wp-json\/wp\/v2\/pages\/5284\/revisions"}],"predecessor-version":[{"id":5805,"href":"https:\/\/www.pierre-amadieu.com\/en\/wp-json\/wp\/v2\/pages\/5284\/revisions\/5805"}],"up":[{"embeddable":true,"href":"https:\/\/www.pierre-amadieu.com\/en\/wp-json\/wp\/v2\/pages\/2135"}],"wp:attachment":[{"href":"https:\/\/www.pierre-amadieu.com\/en\/wp-json\/wp\/v2\/media?parent=5284"}],"curies":[{"name":"wp","href":"https:\/\/api.w.org\/{rel}","templated":true}]}}